{"id":264,"date":"2021-01-30T15:22:47","date_gmt":"2021-01-30T14:22:47","guid":{"rendered":"http:\/\/celiaibanez.fr\/?page_id=264"},"modified":"2025-12-21T15:12:11","modified_gmt":"2025-12-21T14:12:11","slug":"des-astres-humains","status":"publish","type":"page","link":"https:\/\/celiaibanez.fr\/index.php\/des-astres-humains\/","title":{"rendered":"DES ASTRES HUMAINS"},"content":{"rendered":"\n<h2 class=\"wp-block-heading\">LA CINQUI\u00c8ME ANTHOLOGIE INTERACTIVE AUX  \u00c9DITIONS LE GRIMOIRE !  22 NOUVELLES ILLUSTR\u00c9ES, ACCOMPAGNEES DE MUSIQUES ORIGINALES ET DE LIBRE-COURTS! D\u00c9 COUVRE MA NOUVELLE DE SCIENCE-FICTION  : \u00ab\u00a0DERNIER TRAIN POUR TSULAN\u00a0\u00bb !<\/h2>\n\n\n\n<p>Dans cet ouvrage interactif, un code unique a permis aux lecteurs d&rsquo;attribuer le Prix Mille Saisons 2022 dans chaque cat\u00e9gorie (texte, musique, dessin, court-m\u00e9trage). <\/p>\n\n\n\n<figure class=\"wp-block-embed is-type-video is-provider-youtube wp-block-embed-youtube wp-embed-aspect-16-9 wp-has-aspect-ratio\"><div class=\"wp-block-embed__wrapper\">\n<iframe loading=\"lazy\" title=\"Des astres humains, le book trailer de l&#039;anthologie!\" width=\"474\" height=\"267\" src=\"https:\/\/www.youtube.com\/embed\/H2z0meU7CqY?feature=oembed\" frameborder=\"0\" allow=\"accelerometer; autoplay; clipboard-write; encrypted-media; gyroscope; picture-in-picture; web-share\" referrerpolicy=\"strict-origin-when-cross-origin\" allowfullscreen><\/iframe>\n<\/div><\/figure>\n\n\n\n<p>Mille Saison,  c\u2019est TA collection des litt\u00e9ratures de l\u2019Imaginaire.<\/p>\n\n\n\n<figure class=\"wp-block-gallery has-nested-images columns-default is-cropped wp-block-gallery-1 is-layout-flex wp-block-gallery-is-layout-flex\">\n<figure class=\"wp-block-image size-large\"><img loading=\"lazy\" decoding=\"async\" width=\"727\" height=\"1024\" data-id=\"274\" src=\"https:\/\/celiaibanez.fr\/wp-content\/uploads\/2021\/01\/Des-astres-humains-2-727x1024.jpg\" alt=\"\" class=\"wp-image-274\" srcset=\"https:\/\/celiaibanez.fr\/wp-content\/uploads\/2021\/01\/Des-astres-humains-2-727x1024.jpg 727w, https:\/\/celiaibanez.fr\/wp-content\/uploads\/2021\/01\/Des-astres-humains-2-300x423.jpg 300w, https:\/\/celiaibanez.fr\/wp-content\/uploads\/2021\/01\/Des-astres-humains-2-213x300.jpg 213w, https:\/\/celiaibanez.fr\/wp-content\/uploads\/2021\/01\/Des-astres-humains-2-768x1082.jpg 768w, https:\/\/celiaibanez.fr\/wp-content\/uploads\/2021\/01\/Des-astres-humains-2.jpg 972w\" sizes=\"auto, (max-width: 727px) 100vw, 727px\" \/><\/figure>\n<\/figure>\n\n\n\n<p><strong>\u00ab\u00a0Dernier Train pour Tsulan\u00a0\u00bb est publi\u00e9e  hors concours dans cette anthologie. L&rsquo;univers de cette nouvelle fera l&rsquo;objet d&rsquo;un roman interactif pour 2024.  En attendant, je te laisse d\u00e9couvrir le r\u00e9sum\u00e9 de cette histoire mise en musique par Floran Gac, illustr\u00e9e par  Lartk\u00e9olog digital artiste et adapt\u00e9e en court-m\u00e9trage par Christian Fauveau. <\/strong><\/p>\n\n\n\n<p> 97 et 12 sont n\u00e9s respectivement m\u00e2le et femelle dans un monde d\u2019hermaphrodites. Consid\u00e9r\u00e9s comme des moiti\u00e9s d\u2019\u00eatres, des bizarreries de la nature, ils sont \u00e0 peine tol\u00e9r\u00e9s dans la soci\u00e9t\u00e9 des hermas divis\u00e9e en castes, et dans laquelle les gens comme eux sont au plus bas de l\u2019\u00e9chelle sociale. Quand leur ville est atomis\u00e9e dans ce qui semble \u00eatre le crash d\u2019un ast\u00e9ro\u00efde, ils perdent tout : leur travail et leur base de sommeil. Alors qu\u2019ils viennent \u00e0 peine de se rencontrer, ne pouvant se r\u00e9soudre \u00e0 passer la nuit dans les rues qui grouillent de parasitaires, ils d\u00e9cident de se porter volontaire comme cobayes d\u2019\u00e9tudes clinique chez Plan\u00e9t\u2019air, un laboratoire de recherche qui offre une pension compl\u00e8te en \u00e9change de leur coop\u00e9ration. Ils seront les premiers \u00e0 tester le \u00ab pack de chance \u00bb, un bombardement d\u2019ondes plan\u00e9taires cens\u00e9es leur procurer amour, chance et m\u00e9diumnit\u00e9. Leur vie va basculer\u2026  <\/p>\n\n\n\n<figure class=\"wp-block-image\"><img loading=\"lazy\" decoding=\"async\" width=\"732\" height=\"1024\" src=\"https:\/\/celiaibanez.fr\/wp-content\/uploads\/2021\/01\/DERNIER-TRAIN-POUR-TSULAN-ILLUSTRATION-732x1024.jpg\" alt=\"\" class=\"wp-image-275\" srcset=\"https:\/\/celiaibanez.fr\/wp-content\/uploads\/2021\/01\/DERNIER-TRAIN-POUR-TSULAN-ILLUSTRATION-732x1024.jpg 732w, https:\/\/celiaibanez.fr\/wp-content\/uploads\/2021\/01\/DERNIER-TRAIN-POUR-TSULAN-ILLUSTRATION-300x420.jpg 300w, https:\/\/celiaibanez.fr\/wp-content\/uploads\/2021\/01\/DERNIER-TRAIN-POUR-TSULAN-ILLUSTRATION-214x300.jpg 214w, https:\/\/celiaibanez.fr\/wp-content\/uploads\/2021\/01\/DERNIER-TRAIN-POUR-TSULAN-ILLUSTRATION-768x1075.jpg 768w, https:\/\/celiaibanez.fr\/wp-content\/uploads\/2021\/01\/DERNIER-TRAIN-POUR-TSULAN-ILLUSTRATION.jpg 886w\" sizes=\"auto, (max-width: 732px) 100vw, 732px\" \/><figcaption class=\"wp-element-caption\">Illustration  <strong>Lartk\u00e9olog digital artiste<\/strong> <\/figcaption><\/figure>\n\n\n\n<p>\u00ab\u00a0<strong>Une initiative originale et enthousiasmante<\/strong>\u00a0\u00bb \u00ab\u00a0Une plong\u00e9e d\u00e9paysante dans des univers de science-fiction et de personnages baroques\u00a0\u00bb  \u00ab\u00a0Un ouvrage plein de surprises et atypique.\u00a0\u00bb LE POINT.  Retrouvez l&rsquo;article complet du Point ici ==&gt;   <a href=\"https:\/\/www.lepoint.fr\/livres\/un-livre-pour-lire-ecouter-et-voir-28-06-2021-2433151_37.php\" target=\"_blank\" rel=\"noreferrer noopener\">Un livre pour lire, \u00e9couter et voir&nbsp;! &#8211; Le Point<\/a> <\/p>\n\n\n\n<p><strong>\u00ab\u00a0Un univers de fiction digne d&rsquo;un film \u00e0 la Luc Besson<\/strong>\u00a0\u00bb \u00ab\u00a0L&rsquo;histoire est tr\u00e8s accrocheuse\u00a0\u00bb Laetitia Gand, chroniqueuse et \u00e9crivaine. Retrouvez la chronique compl\u00e8te ici =&gt;<a href=\"http:\/\/leslecturesdelaeti.eklablog.com\/des-astres-humains-a208247150?fbclid=IwAR0hzQf2uPlsWaCrYfL3BfbFr7Dc-_JVkPfaPUOmJtHyMhgEZNXWrpjwDnA\" target=\"_blank\" rel=\"noreferrer noopener\"> Des astres humains &#8211; Les lectures de La\u00ebti (eklablog.com) <\/a><\/p>\n\n\n\n<p> \u00ab\u00a0<strong>Une nouvelle incroyable&#8230;<\/strong> C\u00e9lia Ibanez ma\u00eetrise parfaitement les codes de la science fiction, grande lectrice, elle conna\u00eet les classiques et nous propose un monde enj\u00f4leur mais v\u00e9n\u00e9neux&nbsp;\u00a0\u00bb  Olivier Portejoie, \u00e9diteur et chroniqueur.   Retrouvez la chronique compl\u00e8te ici ==&gt;  <a href=\"https:\/\/www.fodor-mediaspace.org\/millesaisons\/\/CHRONIQUES+-Des+astres+humains-\" target=\"_blank\" rel=\"noreferrer noopener\">Prix Mille Saisons 2022 &#8211; CHRONIQUES -Des astres humains<\/a><\/p>\n\n\n\n<p>\u00ab\u00a0<strong>Une anthologie surprenante, \u00e9difiante<\/strong>, qui, au-del\u00e0 d\u2019offrir un agr\u00e9able moment lecture, donne \u00e0 r\u00e9fl\u00e9chir \u00e0 son lecteur\u00a0\u00bb  \u00ab\u00a0Une lecture immersive, au c\u0153ur d\u2019univers travaill\u00e9s.\u00a0\u00bb  <a href=\"https:\/\/www.instagram.com\/un.ocean.dhistoires\/\" target=\"_blank\" rel=\"noreferrer noopener\">Un Oc\u00e9an d&rsquo;histoires<\/a>.<\/p>\n\n\n\n<p><strong>\u00ab\u00a0Celle qui m&rsquo;a paru la meilleure\u00a0\u00bb,<\/strong> \u00ab\u00a0class\u00e9e hors concours, tant mieux pour les autres !\u00a0\u00bb <a href=\"https:\/\/lestribulationsduneromanciere-fr.webnode.fr\/l\/dernier-train-pour-tsulan-la-critique-de-pierre-stolze\/\">Pierre Stloze<\/a><\/p>\n\n\n\n<p><strong>\u00ab\u00a0Un r\u00e9cit dans la lign\u00e9e classique de la science-fiction<\/strong>, mais avec un c\u00f4t\u00e9 visc\u00e9ral tr\u00e8s prononc\u00e9\u00a0\u00bb  <a href=\"https:\/\/lestribulationsduneromanciere-fr.webnode.fr\/l\/un-cote-visceral-tres-pronnonce\/?_ga=2.89154203.1265071669.1670498685-511523210.1670498685\">Boris Monachon<\/a><\/p>\n\n\n\n<p><strong>\u00ab\u00a0Dans les nouvelles que j\u2019ai beaucoup aim\u00e9es, il y a la premi\u00e8re, <em>Dernier train pour Tsulan<\/em><\/strong> de C\u00e9lia Iba\u00f1ez\u00a0\u00bb, \u00ab\u00a0une excellente d\u00e9couverte\u00a0\u00bb. <a href=\"https:\/\/lantredemyfanwi.wordpress.com\/2021\/07\/18\/le-grimoire-des-astres-humains-prix-mille-saisons-2022\/\">L&rsquo;antre de Myfanwi<\/a><\/p>\n\n\n\n<p> Dernier Train pour Tsulan est aussi \u00e0 \u00e9couter dans cette adaptation \u00e0 mi chemin entre le feuilleton radiophonique et le livre audio :  <\/p>\n\n\n\n<figure class=\"wp-block-embed is-type-video is-provider-youtube wp-block-embed-youtube wp-embed-aspect-16-9 wp-has-aspect-ratio\"><div class=\"wp-block-embed__wrapper\">\n<iframe loading=\"lazy\" title=\"Dernier train pour Tsulan de C\u00e9lia Ibanez - Des Astres Humain - Collection Mille Saison\" width=\"474\" height=\"267\" src=\"https:\/\/www.youtube.com\/embed\/xiTZChl49z0?feature=oembed\" frameborder=\"0\" allow=\"accelerometer; autoplay; clipboard-write; encrypted-media; gyroscope; picture-in-picture; web-share\" referrerpolicy=\"strict-origin-when-cross-origin\" allowfullscreen><\/iframe>\n<\/div><\/figure>\n\n\n\n<p>Et n&rsquo;oublie pas de liker la page Facebook : <a rel=\"noreferrer noopener\" href=\"https:\/\/www.facebook.com\/celiaibanezderniertrainpourtsulan\" target=\"_blank\">Dernier Train pour Tsulan<\/a>  <\/p>\n\n\n\n<p>&#8230; et d&rsquo;aller voir toutes les photos du tournage sur mon blog :<\/p>\n\n\n\n<p><a rel=\"noreferrer noopener\" href=\"https:\/\/lestribulationsduneromanciere-fr.webnode.fr\/l\/dernier-train-pour-tsulan-le-tournage-du-libre-court\/\" target=\"_blank\">DERNIER TRAIN POUR TSULAN: LE TOURNAGE DU COURT-METRAGE !<\/a><\/p>\n\n\n\n<p> Retrouve la pr\u00e9c\u00e9dente trilogie d\u2019anthologies <em>Mille Saisons<\/em> : La cour des miracles, Du plomb \u00e0 la lumi\u00e8re, Tomb\u00e9 les voiles et Revenir de l&rsquo;Avenir en librairies et sur le site de l\u2019\u00e9diteur : <\/p>\n\n\n\n<figure class=\"wp-block-gallery has-nested-images columns-default is-cropped wp-block-gallery-2 is-layout-flex wp-block-gallery-is-layout-flex\">\n<figure class=\"wp-block-image\"><img loading=\"lazy\" decoding=\"async\" width=\"300\" height=\"300\" data-id=\"91\" src=\"https:\/\/celiaibanez.fr\/wp-content\/uploads\/2019\/09\/la-cour-des-miracles.jpg\" alt=\"\" class=\"wp-image-91\" srcset=\"https:\/\/celiaibanez.fr\/wp-content\/uploads\/2019\/09\/la-cour-des-miracles.jpg 300w, https:\/\/celiaibanez.fr\/wp-content\/uploads\/2019\/09\/la-cour-des-miracles-150x150.jpg 150w, https:\/\/celiaibanez.fr\/wp-content\/uploads\/2019\/09\/la-cour-des-miracles-100x100.jpg 100w\" sizes=\"auto, (max-width: 300px) 100vw, 300px\" \/><\/figure>\n\n\n\n<figure class=\"wp-block-image\"><img loading=\"lazy\" decoding=\"async\" width=\"300\" height=\"300\" data-id=\"90\" src=\"https:\/\/celiaibanez.fr\/wp-content\/uploads\/2019\/09\/du-plomb-a-la-lumiere.jpg\" alt=\"\" class=\"wp-image-90\" srcset=\"https:\/\/celiaibanez.fr\/wp-content\/uploads\/2019\/09\/du-plomb-a-la-lumiere.jpg 300w, https:\/\/celiaibanez.fr\/wp-content\/uploads\/2019\/09\/du-plomb-a-la-lumiere-150x150.jpg 150w, https:\/\/celiaibanez.fr\/wp-content\/uploads\/2019\/09\/du-plomb-a-la-lumiere-100x100.jpg 100w\" sizes=\"auto, (max-width: 300px) 100vw, 300px\" \/><\/figure>\n\n\n\n<figure class=\"wp-block-image\"><img loading=\"lazy\" decoding=\"async\" width=\"300\" height=\"300\" data-id=\"89\" src=\"https:\/\/celiaibanez.fr\/wp-content\/uploads\/2019\/09\/tombe-les-voiles.jpg\" alt=\"\" class=\"wp-image-89\" srcset=\"https:\/\/celiaibanez.fr\/wp-content\/uploads\/2019\/09\/tombe-les-voiles.jpg 300w, https:\/\/celiaibanez.fr\/wp-content\/uploads\/2019\/09\/tombe-les-voiles-150x150.jpg 150w, https:\/\/celiaibanez.fr\/wp-content\/uploads\/2019\/09\/tombe-les-voiles-100x100.jpg 100w\" sizes=\"auto, (max-width: 300px) 100vw, 300px\" \/><\/figure>\n\n\n\n<figure class=\"wp-block-image\"><img loading=\"lazy\" decoding=\"async\" width=\"732\" height=\"1024\" data-id=\"280\" src=\"https:\/\/celiaibanez.fr\/wp-content\/uploads\/2021\/01\/couv_ANTHO_REVENIR_DE_L_AVENIR-732x1024-732x1024.jpg\" alt=\"\" class=\"wp-image-280\" srcset=\"https:\/\/celiaibanez.fr\/wp-content\/uploads\/2021\/01\/couv_ANTHO_REVENIR_DE_L_AVENIR-732x1024.jpg 732w, https:\/\/celiaibanez.fr\/wp-content\/uploads\/2021\/01\/couv_ANTHO_REVENIR_DE_L_AVENIR-732x1024-300x420.jpg 300w, https:\/\/celiaibanez.fr\/wp-content\/uploads\/2021\/01\/couv_ANTHO_REVENIR_DE_L_AVENIR-732x1024-214x300.jpg 214w\" sizes=\"auto, (max-width: 732px) 100vw, 732px\" \/><\/figure>\n<\/figure>\n\n\n\n<p><\/p>\n","protected":false},"excerpt":{"rendered":"<p>LA CINQUI\u00c8ME ANTHOLOGIE INTERACTIVE AUX \u00c9DITIONS LE GRIMOIRE ! 22 NOUVELLES ILLUSTR\u00c9ES, ACCOMPAGNEES DE MUSIQUES ORIGINALES ET DE LIBRE-COURTS! D\u00c9 COUVRE MA NOUVELLE DE SCIENCE-FICTION : \u00ab\u00a0DERNIER TRAIN POUR TSULAN\u00a0\u00bb ! Dans cet ouvrage interactif, un code unique a permis aux lecteurs d&rsquo;attribuer le Prix Mille Saisons 2022 dans chaque cat\u00e9gorie (texte, musique, dessin, court-m\u00e9trage). &hellip; <a href=\"https:\/\/celiaibanez.fr\/index.php\/des-astres-humains\/\" class=\"more-link\">Continuer la lecture de <span class=\"screen-reader-text\">DES ASTRES HUMAINS<\/span>  <span class=\"meta-nav\">&rarr;<\/span><\/a><\/p>\n","protected":false},"author":5,"featured_media":274,"parent":0,"menu_order":0,"comment_status":"closed","ping_status":"closed","template":"","meta":{"footnotes":""},"class_list":["post-264","page","type-page","status-publish","has-post-thumbnail","hentry"],"_links":{"self":[{"href":"https:\/\/celiaibanez.fr\/index.php\/wp-json\/wp\/v2\/pages\/264","targetHints":{"allow":["GET"]}}],"collection":[{"href":"https:\/\/celiaibanez.fr\/index.php\/wp-json\/wp\/v2\/pages"}],"about":[{"href":"https:\/\/celiaibanez.fr\/index.php\/wp-json\/wp\/v2\/types\/page"}],"author":[{"embeddable":true,"href":"https:\/\/celiaibanez.fr\/index.php\/wp-json\/wp\/v2\/users\/5"}],"replies":[{"embeddable":true,"href":"https:\/\/celiaibanez.fr\/index.php\/wp-json\/wp\/v2\/comments?post=264"}],"version-history":[{"count":38,"href":"https:\/\/celiaibanez.fr\/index.php\/wp-json\/wp\/v2\/pages\/264\/revisions"}],"predecessor-version":[{"id":1989,"href":"https:\/\/celiaibanez.fr\/index.php\/wp-json\/wp\/v2\/pages\/264\/revisions\/1989"}],"wp:featuredmedia":[{"embeddable":true,"href":"https:\/\/celiaibanez.fr\/index.php\/wp-json\/wp\/v2\/media\/274"}],"wp:attachment":[{"href":"https:\/\/celiaibanez.fr\/index.php\/wp-json\/wp\/v2\/media?parent=264"}],"curies":[{"name":"wp","href":"https:\/\/api.w.org\/{rel}","templated":true}]}}