{"id":569,"date":"2022-05-30T13:30:45","date_gmt":"2022-05-30T11:30:45","guid":{"rendered":"http:\/\/celiaibanez.fr\/?page_id=569"},"modified":"2026-04-15T11:44:37","modified_gmt":"2026-04-15T09:44:37","slug":"dedicaces-lives-avis-photos-festicals","status":"publish","type":"page","link":"https:\/\/celiaibanez.fr\/index.php\/dedicaces-lives-avis-photos-festicals\/","title":{"rendered":"D\u00c9DICACES, PROCHAINS LIVES, ACTU, AVIS DE BLOGUEURS ET PHOTOS DE FESTIVAL"},"content":{"rendered":"\n<h2 class=\"wp-block-heading has-large-font-size\"><strong><em><mark style=\"background-color:rgba(0, 0, 0, 0);color:#fe06d1\" class=\"has-inline-color\">D\u00c9DICACES ET RDV EN LIVE <\/mark><\/em><\/strong><\/h2>\n\n\n\n<p class=\"has-medium-font-size\"><mark style=\"background-color:rgba(0, 0, 0, 0);color:#f93cdd\" class=\"has-inline-color\"><strong>(D\u00e9roule la page pour voir les photos\/vid\u00e9os en festival\/ librairie !)<\/strong><\/mark><\/p>\n\n\n<div class=\"wp-block-image\">\n<figure class=\"aligncenter size-large\"><img loading=\"lazy\" decoding=\"async\" width=\"1024\" height=\"1024\" src=\"https:\/\/celiaibanez.fr\/wp-content\/uploads\/2025\/12\/Copie-de-Copie-de-Copie-de-Copie-de-Copie-de-LIVE-1024x1024.jpg\" alt=\"\" class=\"wp-image-1994\" srcset=\"https:\/\/celiaibanez.fr\/wp-content\/uploads\/2025\/12\/Copie-de-Copie-de-Copie-de-Copie-de-Copie-de-LIVE-1024x1024.jpg 1024w, https:\/\/celiaibanez.fr\/wp-content\/uploads\/2025\/12\/Copie-de-Copie-de-Copie-de-Copie-de-Copie-de-LIVE-300x300.jpg 300w, https:\/\/celiaibanez.fr\/wp-content\/uploads\/2025\/12\/Copie-de-Copie-de-Copie-de-Copie-de-Copie-de-LIVE-150x150.jpg 150w, https:\/\/celiaibanez.fr\/wp-content\/uploads\/2025\/12\/Copie-de-Copie-de-Copie-de-Copie-de-Copie-de-LIVE-768x768.jpg 768w, https:\/\/celiaibanez.fr\/wp-content\/uploads\/2025\/12\/Copie-de-Copie-de-Copie-de-Copie-de-Copie-de-LIVE-1536x1536.jpg 1536w, https:\/\/celiaibanez.fr\/wp-content\/uploads\/2025\/12\/Copie-de-Copie-de-Copie-de-Copie-de-Copie-de-LIVE-2048x2048.jpg 2048w\" sizes=\"auto, (max-width: 1024px) 100vw, 1024px\" \/><\/figure>\n<\/div>\n\n\n<p><\/p>\n\n\n\n<p>Juin: Festival Vidau&rsquo;bulles<\/p>\n\n\n\n<p>4 juillet: SouthconV \u00e0 Sausset-Les-Pins<\/p>\n\n\n<div class=\"wp-block-image\">\n<figure class=\"aligncenter size-large\"><img loading=\"lazy\" decoding=\"async\" width=\"1024\" height=\"1024\" src=\"https:\/\/celiaibanez.fr\/wp-content\/uploads\/2026\/04\/N-1-1024x1024.jpg\" alt=\"\" class=\"wp-image-2283\" srcset=\"https:\/\/celiaibanez.fr\/wp-content\/uploads\/2026\/04\/N-1-1024x1024.jpg 1024w, https:\/\/celiaibanez.fr\/wp-content\/uploads\/2026\/04\/N-1-300x300.jpg 300w, https:\/\/celiaibanez.fr\/wp-content\/uploads\/2026\/04\/N-1-150x150.jpg 150w, https:\/\/celiaibanez.fr\/wp-content\/uploads\/2026\/04\/N-1-768x768.jpg 768w, https:\/\/celiaibanez.fr\/wp-content\/uploads\/2026\/04\/N-1-1536x1536.jpg 1536w, https:\/\/celiaibanez.fr\/wp-content\/uploads\/2026\/04\/N-1-2048x2048.jpg 2048w\" sizes=\"auto, (max-width: 1024px) 100vw, 1024px\" \/><\/figure>\n<\/div>\n\n\n<h2 class=\"wp-block-heading has-large-font-size\"><strong><em><mark style=\"background-color:rgba(0, 0, 0, 0);color:#f804d4\" class=\"has-inline-color\">PRIX, SORTIES LITT\u00c9RAIRES, ACTU SP\u00c9CIALE <\/mark><\/em><\/strong><\/h2>\n\n\n\n<p><\/p>\n\n\n\n<p class=\"has-medium-font-size\"><strong><em>J&rsquo;organise la convention r\u00e9gionale du grand Sud-Est !<\/em><\/strong><\/p>\n\n\n\n<figure class=\"wp-block-video\"><video height=\"576\" style=\"aspect-ratio: 1024 \/ 576;\" width=\"1024\" controls src=\"https:\/\/celiaibanez.fr\/wp-content\/uploads\/2026\/04\/DKKI6W5P-1.mp4\"><\/video><\/figure>\n\n\n<div class=\"wp-block-image\">\n<figure class=\"aligncenter size-large\"><a href=\"https:\/\/celiaibanez.fr\/index.php\/convergence-sf-3\/\"><img loading=\"lazy\" decoding=\"async\" width=\"683\" height=\"1024\" src=\"https:\/\/celiaibanez.fr\/wp-content\/uploads\/2026\/04\/Premiere-edition-683x1024.jpg\" alt=\"\" class=\"wp-image-2285\" srcset=\"https:\/\/celiaibanez.fr\/wp-content\/uploads\/2026\/04\/Premiere-edition-683x1024.jpg 683w, https:\/\/celiaibanez.fr\/wp-content\/uploads\/2026\/04\/Premiere-edition-200x300.jpg 200w, https:\/\/celiaibanez.fr\/wp-content\/uploads\/2026\/04\/Premiere-edition-768x1152.jpg 768w, https:\/\/celiaibanez.fr\/wp-content\/uploads\/2026\/04\/Premiere-edition-1024x1536.jpg 1024w, https:\/\/celiaibanez.fr\/wp-content\/uploads\/2026\/04\/Premiere-edition-1365x2048.jpg 1365w, https:\/\/celiaibanez.fr\/wp-content\/uploads\/2026\/04\/Premiere-edition-scaled.jpg 1707w\" sizes=\"auto, (max-width: 683px) 100vw, 683px\" \/><\/a><\/figure>\n<\/div>\n\n\n<h2 class=\"wp-block-heading has-medium-font-size\"><strong><em>Le Secret d&rsquo;Angie arrive au printemps et existera aussi en livre audio !<\/em><\/strong><\/h2>\n\n\n<div class=\"wp-block-image\">\n<figure class=\"aligncenter size-large\"><a href=\"https:\/\/celiaibanez.fr\/index.php\/le-secret-dangie\/\"><img loading=\"lazy\" decoding=\"async\" width=\"721\" height=\"1024\" src=\"https:\/\/celiaibanez.fr\/wp-content\/uploads\/2025\/12\/LE-SECRET-D-ANGIE-721x1024.jpg\" alt=\"\" class=\"wp-image-1976\" srcset=\"https:\/\/celiaibanez.fr\/wp-content\/uploads\/2025\/12\/LE-SECRET-D-ANGIE-721x1024.jpg 721w, https:\/\/celiaibanez.fr\/wp-content\/uploads\/2025\/12\/LE-SECRET-D-ANGIE-211x300.jpg 211w, https:\/\/celiaibanez.fr\/wp-content\/uploads\/2025\/12\/LE-SECRET-D-ANGIE-768x1091.jpg 768w, https:\/\/celiaibanez.fr\/wp-content\/uploads\/2025\/12\/LE-SECRET-D-ANGIE-1081x1536.jpg 1081w, https:\/\/celiaibanez.fr\/wp-content\/uploads\/2025\/12\/LE-SECRET-D-ANGIE-1442x2048.jpg 1442w, https:\/\/celiaibanez.fr\/wp-content\/uploads\/2025\/12\/LE-SECRET-D-ANGIE.jpg 1530w\" sizes=\"auto, (max-width: 721px) 100vw, 721px\" \/><\/a><\/figure>\n<\/div>\n\n\n<figure class=\"wp-block-video\"><video height=\"1280\" style=\"aspect-ratio: 720 \/ 1280;\" width=\"720\" controls src=\"https:\/\/celiaibanez.fr\/wp-content\/uploads\/2025\/11\/M7Ba7EgD.mp4\"><\/video><\/figure>\n\n\n\n<p class=\"has-medium-font-size\"><\/p>\n\n\n\n<h2 class=\"wp-block-heading has-large-font-size\"><strong><em><mark style=\"background-color:rgba(0, 0, 0, 0);color:#fb05c6\" class=\"has-inline-color\">DERNIERS LIVES !<\/mark><\/em><\/strong><\/h2>\n\n\n\n<figure class=\"wp-block-embed is-type-video is-provider-youtube wp-block-embed-youtube wp-embed-aspect-16-9 wp-has-aspect-ratio\"><div class=\"wp-block-embed__wrapper\">\n<iframe loading=\"lazy\" title=\"Le fran\u00e7ais: bient\u00f4t langue morte ?\" width=\"474\" height=\"267\" src=\"https:\/\/www.youtube.com\/embed\/RPpOZ4GCOOE?feature=oembed\" frameborder=\"0\" allow=\"accelerometer; autoplay; clipboard-write; encrypted-media; gyroscope; picture-in-picture; web-share\" referrerpolicy=\"strict-origin-when-cross-origin\" allowfullscreen><\/iframe>\n<\/div><\/figure>\n\n\n\n<figure class=\"wp-block-embed is-type-video is-provider-youtube wp-block-embed-youtube wp-embed-aspect-16-9 wp-has-aspect-ratio\"><div class=\"wp-block-embed__wrapper\">\n<iframe loading=\"lazy\" title=\"Chamanisme: une autre voie vers la gu\u00e9rison ?\" width=\"474\" height=\"267\" src=\"https:\/\/www.youtube.com\/embed\/Nrr8kJQBwDo?feature=oembed\" frameborder=\"0\" allow=\"accelerometer; autoplay; clipboard-write; encrypted-media; gyroscope; picture-in-picture; web-share\" referrerpolicy=\"strict-origin-when-cross-origin\" allowfullscreen><\/iframe>\n<\/div><\/figure>\n\n\n\n<h2 class=\"wp-block-heading has-large-font-size\"><strong><em><mark style=\"background-color:rgba(0, 0, 0, 0);color:#f904d5\" class=\"has-inline-color\">DANS LA PRESSE <\/mark><\/em><\/strong><\/h2>\n\n\n\n<p>LOVE SISTERS<\/p>\n\n\n<div class=\"wp-block-image\">\n<figure class=\"aligncenter size-large\"><a href=\"https:\/\/lestribulationsduneromanciere-fr.webnode.fr\/l\/mon-passage-chez-love-sisters\/?_gl=1*1ngjo4m*_gcl_au*MTkyNTE2MDk5OS4xNzYwOTYyODI2LjEwNDg1NzU0MjMuMTc2MDk2MjgyOC4xNzYwOTYyODMw\"><img loading=\"lazy\" decoding=\"async\" width=\"1024\" height=\"537\" src=\"https:\/\/celiaibanez.fr\/wp-content\/uploads\/2025\/10\/celia-ibanez-love-sisters_n-1024x537.jpg\" alt=\"\" class=\"wp-image-1925\" srcset=\"https:\/\/celiaibanez.fr\/wp-content\/uploads\/2025\/10\/celia-ibanez-love-sisters_n-1024x537.jpg 1024w, https:\/\/celiaibanez.fr\/wp-content\/uploads\/2025\/10\/celia-ibanez-love-sisters_n-300x157.jpg 300w, https:\/\/celiaibanez.fr\/wp-content\/uploads\/2025\/10\/celia-ibanez-love-sisters_n-768x403.jpg 768w, https:\/\/celiaibanez.fr\/wp-content\/uploads\/2025\/10\/celia-ibanez-love-sisters_n-1536x806.jpg 1536w, https:\/\/celiaibanez.fr\/wp-content\/uploads\/2025\/10\/celia-ibanez-love-sisters_n.jpg 1866w\" sizes=\"auto, (max-width: 1024px) 100vw, 1024px\" \/><\/a><\/figure>\n<\/div>\n\n\n<p>LA MONTAGNE<\/p>\n\n\n<div class=\"wp-block-image\">\n<figure class=\"aligncenter size-large is-resized\"><img loading=\"lazy\" decoding=\"async\" width=\"1024\" height=\"768\" src=\"https:\/\/celiaibanez.fr\/wp-content\/uploads\/2024\/10\/la-montagne-1024x768.jpg\" alt=\"\" class=\"wp-image-1558\" style=\"width:478px;height:auto\" srcset=\"https:\/\/celiaibanez.fr\/wp-content\/uploads\/2024\/10\/la-montagne-1024x768.jpg 1024w, https:\/\/celiaibanez.fr\/wp-content\/uploads\/2024\/10\/la-montagne-300x225.jpg 300w, https:\/\/celiaibanez.fr\/wp-content\/uploads\/2024\/10\/la-montagne-768x576.jpg 768w, https:\/\/celiaibanez.fr\/wp-content\/uploads\/2024\/10\/la-montagne-1536x1152.jpg 1536w, https:\/\/celiaibanez.fr\/wp-content\/uploads\/2024\/10\/la-montagne.jpg 2048w\" sizes=\"auto, (max-width: 1024px) 100vw, 1024px\" \/><\/figure>\n<\/div>\n\n\n<p>MAGAZINE REFLETS DE MARTIGUES<\/p>\n\n\n<div class=\"wp-block-image\">\n<figure class=\"aligncenter size-large is-resized\"><img loading=\"lazy\" decoding=\"async\" width=\"815\" height=\"1024\" src=\"https:\/\/celiaibanez.fr\/wp-content\/uploads\/2024\/10\/celia-ibanez-REFLETS-martigues-815x1024.jpg\" alt=\"\" class=\"wp-image-1557\" style=\"width:494px;height:auto\" srcset=\"https:\/\/celiaibanez.fr\/wp-content\/uploads\/2024\/10\/celia-ibanez-REFLETS-martigues-815x1024.jpg 815w, https:\/\/celiaibanez.fr\/wp-content\/uploads\/2024\/10\/celia-ibanez-REFLETS-martigues-239x300.jpg 239w, https:\/\/celiaibanez.fr\/wp-content\/uploads\/2024\/10\/celia-ibanez-REFLETS-martigues-768x965.jpg 768w, https:\/\/celiaibanez.fr\/wp-content\/uploads\/2024\/10\/celia-ibanez-REFLETS-martigues-300x377.jpg 300w, https:\/\/celiaibanez.fr\/wp-content\/uploads\/2024\/10\/celia-ibanez-REFLETS-martigues.jpg 892w\" sizes=\"auto, (max-width: 815px) 100vw, 815px\" \/><\/figure>\n<\/div>\n\n\n<p>LA VOIX DU NORD<\/p>\n\n\n<div class=\"wp-block-image\">\n<figure class=\"aligncenter size-large is-resized\"><img loading=\"lazy\" decoding=\"async\" width=\"1024\" height=\"672\" src=\"https:\/\/celiaibanez.fr\/wp-content\/uploads\/2024\/08\/article-la-voix-du-nord-1024x672.jpg\" alt=\"\" class=\"wp-image-1500\" style=\"width:494px;height:auto\" srcset=\"https:\/\/celiaibanez.fr\/wp-content\/uploads\/2024\/08\/article-la-voix-du-nord-1024x672.jpg 1024w, https:\/\/celiaibanez.fr\/wp-content\/uploads\/2024\/08\/article-la-voix-du-nord-300x197.jpg 300w, https:\/\/celiaibanez.fr\/wp-content\/uploads\/2024\/08\/article-la-voix-du-nord-768x504.jpg 768w, https:\/\/celiaibanez.fr\/wp-content\/uploads\/2024\/08\/article-la-voix-du-nord-1536x1008.jpg 1536w, https:\/\/celiaibanez.fr\/wp-content\/uploads\/2024\/08\/article-la-voix-du-nord.jpg 2000w\" sizes=\"auto, (max-width: 1024px) 100vw, 1024px\" \/><\/figure>\n<\/div>\n\n\n<p>LA PROVENCE  AIX <\/p>\n\n\n<div class=\"wp-block-image\">\n<figure class=\"aligncenter size-full is-resized\"><img loading=\"lazy\" decoding=\"async\" width=\"951\" height=\"485\" src=\"https:\/\/celiaibanez.fr\/wp-content\/uploads\/2024\/07\/article-ibanez-la-provence.jpg\" alt=\"\" class=\"wp-image-1485\" style=\"width:524px;height:auto\" srcset=\"https:\/\/celiaibanez.fr\/wp-content\/uploads\/2024\/07\/article-ibanez-la-provence.jpg 951w, https:\/\/celiaibanez.fr\/wp-content\/uploads\/2024\/07\/article-ibanez-la-provence-300x153.jpg 300w, https:\/\/celiaibanez.fr\/wp-content\/uploads\/2024\/07\/article-ibanez-la-provence-768x392.jpg 768w\" sizes=\"auto, (max-width: 951px) 100vw, 951px\" \/><\/figure>\n<\/div>\n\n\n<h2 class=\"wp-block-heading has-large-font-size\"><mark style=\"background-color:rgba(0, 0, 0, 0);color:#fb1212\" class=\"has-inline-color\"><\/mark><strong><em><mark style=\"background-color:rgba(0, 0, 0, 0);color:#fa04f7\" class=\"has-inline-color\">DERNI\u00c8RES CHRONIQUES\/CRITIQUES<\/mark><\/em><\/strong><\/h2>\n\n\n\n<p class=\"has-medium-font-size\"><strong><em>Les Chroniques de Myread Books<\/em><\/strong> <\/p>\n\n\n<div class=\"wp-block-image\">\n<figure class=\"aligncenter size-full is-resized\"><a href=\"https:\/\/lestribulationsduneromanciere-fr.webnode.fr\/l\/enorme-coup-de-coeur-lavis-de-myrad-books-sur-h-transmutation\/?_gl=1*10421pb*_gcl_au*Mjc5OTU0OTk0LjE3NjY3NTU1NzEuNTcxOTQ1MjE0LjE3NjY3NTU1NzMuMTc2Njc1NTU3NA..\"><img loading=\"lazy\" decoding=\"async\" width=\"684\" height=\"686\" src=\"https:\/\/celiaibanez.fr\/wp-content\/uploads\/2025\/12\/Capeeeeture.jpg\" alt=\"\" class=\"wp-image-2003\" style=\"aspect-ratio:0.9970983748725785;width:302px;height:auto\" srcset=\"https:\/\/celiaibanez.fr\/wp-content\/uploads\/2025\/12\/Capeeeeture.jpg 684w, https:\/\/celiaibanez.fr\/wp-content\/uploads\/2025\/12\/Capeeeeture-300x300.jpg 300w, https:\/\/celiaibanez.fr\/wp-content\/uploads\/2025\/12\/Capeeeeture-150x150.jpg 150w\" sizes=\"auto, (max-width: 684px) 100vw, 684px\" \/><\/a><\/figure>\n<\/div>\n\n\n<p class=\"has-medium-font-size\"><strong><em>Les Chroniques de Jouvence<\/em><\/strong><\/p>\n\n\n<div class=\"wp-block-image\">\n<figure class=\"aligncenter size-full is-resized\"><a href=\"https:\/\/lestribulationsduneromanciere-fr.webnode.fr\/l\/un-univers-complexe-et-interessant-lavis-des-chroniques-de-jouvence-sur-reboot\/?_gl=1*11wzztp*_gcl_au*Mjc5OTU0OTk0LjE3NjY3NTU1NzEuNTcxOTQ1MjE0LjE3NjY3NTU1NzMuMTc2Njc1NTU3NA..\"><img loading=\"lazy\" decoding=\"async\" width=\"692\" height=\"690\" src=\"https:\/\/celiaibanez.fr\/wp-content\/uploads\/2025\/12\/rebooture.jpg\" alt=\"\" class=\"wp-image-2001\" style=\"aspect-ratio:1.0028853094065313;width:300px;height:auto\" srcset=\"https:\/\/celiaibanez.fr\/wp-content\/uploads\/2025\/12\/rebooture.jpg 692w, https:\/\/celiaibanez.fr\/wp-content\/uploads\/2025\/12\/rebooture-300x300.jpg 300w, https:\/\/celiaibanez.fr\/wp-content\/uploads\/2025\/12\/rebooture-150x150.jpg 150w\" sizes=\"auto, (max-width: 692px) 100vw, 692px\" \/><\/a><\/figure>\n<\/div>\n\n\n<p class=\"has-medium-font-size\"><strong><em>Caroline Zurawinski<\/em><\/strong><\/p>\n\n\n<div class=\"wp-block-image\">\n<figure class=\"aligncenter size-full is-resized\"><a href=\"https:\/\/lestribulationsduneromanciere-fr.webnode.fr\/l\/enorme-twist-final-la-chronique-de-caroline-zurawinski-sur-h-transcendance\/?_gl=1*8683vb*_gcl_au*Mjc5OTU0OTk0LjE3NjY3NTU1NzEuNTcxOTQ1MjE0LjE3NjY3NTU1NzMuMTc2Njc1NTU3NA..\"><img loading=\"lazy\" decoding=\"async\" width=\"745\" height=\"739\" src=\"https:\/\/celiaibanez.fr\/wp-content\/uploads\/2025\/12\/h3.jpg\" alt=\"\" class=\"wp-image-1999\" style=\"aspect-ratio:1.0081344466409858;width:288px;height:auto\" srcset=\"https:\/\/celiaibanez.fr\/wp-content\/uploads\/2025\/12\/h3.jpg 745w, https:\/\/celiaibanez.fr\/wp-content\/uploads\/2025\/12\/h3-300x298.jpg 300w, https:\/\/celiaibanez.fr\/wp-content\/uploads\/2025\/12\/h3-150x150.jpg 150w\" sizes=\"auto, (max-width: 745px) 100vw, 745px\" \/><\/a><\/figure>\n<\/div>\n\n\n<p class=\"has-medium-font-size\"><strong><em>D\u00e9voreuse de Livres<\/em><\/strong><\/p>\n\n\n<div class=\"wp-block-image\">\n<figure class=\"aligncenter size-large is-resized\"><a href=\"https:\/\/lestribulationsduneromanciere-fr.webnode.fr\/l\/nouvel-avis-sur-kids-mystery-les-voleurs-de-cristaux\/\"><img loading=\"lazy\" decoding=\"async\" width=\"1024\" height=\"916\" src=\"https:\/\/celiaibanez.fr\/wp-content\/uploads\/2025\/10\/CKcqUCK1-1024x916.jpg\" alt=\"\" class=\"wp-image-1948\" style=\"width:286px;height:auto\" srcset=\"https:\/\/celiaibanez.fr\/wp-content\/uploads\/2025\/10\/CKcqUCK1-1024x916.jpg 1024w, https:\/\/celiaibanez.fr\/wp-content\/uploads\/2025\/10\/CKcqUCK1-300x268.jpg 300w, https:\/\/celiaibanez.fr\/wp-content\/uploads\/2025\/10\/CKcqUCK1-768x687.jpg 768w, https:\/\/celiaibanez.fr\/wp-content\/uploads\/2025\/10\/CKcqUCK1.jpg 1080w\" sizes=\"auto, (max-width: 1024px) 100vw, 1024px\" \/><\/a><\/figure>\n<\/div>\n\n\n<p class=\"has-medium-font-size\"><strong><em>Gaby, Chroniques livresques<\/em><\/strong><\/p>\n\n\n\n<figure class=\"wp-block-embed is-type-video is-provider-youtube wp-block-embed-youtube wp-embed-aspect-9-16 wp-has-aspect-ratio\"><div class=\"wp-block-embed__wrapper\">\n<iframe loading=\"lazy\" title=\"Reboot  par Chroniques livresques\" width=\"400\" height=\"711\" src=\"https:\/\/www.youtube.com\/embed\/gOs0Z-wGTDQ?feature=oembed\" frameborder=\"0\" allow=\"accelerometer; autoplay; clipboard-write; encrypted-media; gyroscope; picture-in-picture; web-share\" referrerpolicy=\"strict-origin-when-cross-origin\" allowfullscreen><\/iframe>\n<\/div><\/figure>\n\n\n\n<p class=\"has-medium-font-size\"><\/p>\n\n\n\n<p>TOUTES LES <a href=\"https:\/\/lestribulationsduneromanciere-fr.webnode.fr\/\">CHRONIQUES SUR MON BLOG<\/a> !<\/p>\n\n\n\n<h2 class=\"wp-block-heading has-large-font-size\"><strong><em><mark style=\"background-color:rgba(0, 0, 0, 0);color:#fd04e9\" class=\"has-inline-color\">LES DERNIERS FESTIVALS: RETOUR EN IMAGES! (CLIQUER SUR LA PHOTO)<\/mark><\/em><\/strong><\/h2>\n\n\n\n<blockquote class=\"wp-block-quote has-text-color is-layout-flow wp-block-quote-is-layout-flow\" style=\"color:#fa00cc;font-size:25px\">\n<p><\/p>\n<\/blockquote>\n\n\n\n<p class=\"has-medium-font-size\"><strong><strong><mark style=\"background-color:rgba(0, 0, 0, 0);color:#fc17ea\" class=\"has-inline-color\">SALON DU LIVRE D&rsquo;ISTRES<\/mark><\/strong><\/strong><\/p>\n\n\n\n<figure class=\"wp-block-embed is-type-video is-provider-youtube wp-block-embed-youtube wp-embed-aspect-9-16 wp-has-aspect-ratio\"><div class=\"wp-block-embed__wrapper\">\n<iframe loading=\"lazy\" title=\"Retour sur salon du livre d&#039;Istres\" width=\"400\" height=\"711\" src=\"https:\/\/www.youtube.com\/embed\/y8f0LpOE-1A?feature=oembed\" frameborder=\"0\" allow=\"accelerometer; autoplay; clipboard-write; encrypted-media; gyroscope; picture-in-picture; web-share\" referrerpolicy=\"strict-origin-when-cross-origin\" allowfullscreen><\/iframe>\n<\/div><\/figure>\n\n\n\n<p class=\"has-medium-font-size\"><strong><strong><mark style=\"background-color:rgba(0, 0, 0, 0);color:#fc17ea\" class=\"has-inline-color\">F\u00caTE DU LIVRE DE SABLET<\/mark><\/strong><\/strong><\/p>\n\n\n\n<figure class=\"wp-block-embed is-type-video is-provider-youtube wp-block-embed-youtube wp-embed-aspect-16-9 wp-has-aspect-ratio\"><div class=\"wp-block-embed__wrapper\">\n<iframe loading=\"lazy\" title=\"C\u00e9lia Ibanez \u00e0 #Sablet\" width=\"400\" height=\"711\" src=\"https:\/\/www.youtube.com\/embed\/-8E6dt9ndqI?feature=oembed\" frameborder=\"0\" allow=\"accelerometer; autoplay; clipboard-write; encrypted-media; gyroscope; picture-in-picture; web-share\" referrerpolicy=\"strict-origin-when-cross-origin\" allowfullscreen><\/iframe>\n<\/div><\/figure>\n\n\n\n<p class=\"has-medium-font-size\"><strong><strong><mark style=\"background-color:rgba(0, 0, 0, 0);color:#fc17ea\" class=\"has-inline-color\">F\u00caTE DU LIVRE DE SAINT-CHAMAS<\/mark><\/strong><\/strong><\/p>\n\n\n<div class=\"wp-block-image\">\n<figure class=\"aligncenter size-large\"><a href=\"https:\/\/lestribulationsduneromanciere-fr.webnode.fr\/l\/fete-du-livre-de-saint-chamas-tout-est-sauf\/?_gl=1*1vzp61h*_gcl_au*MTI0OTEwNzAyNC4xNzUyNDE0OTA4LjkwNTA4NzgzNi4xNzUyNDE0OTA5LjE3NTI0MTQ5MTE.\"><img loading=\"lazy\" decoding=\"async\" width=\"1010\" height=\"1024\" src=\"https:\/\/celiaibanez.fr\/wp-content\/uploads\/2025\/07\/saint-chamas-ibanez-1010x1024.jpg\" alt=\"\" class=\"wp-image-1855\" srcset=\"https:\/\/celiaibanez.fr\/wp-content\/uploads\/2025\/07\/saint-chamas-ibanez-1010x1024.jpg 1010w, https:\/\/celiaibanez.fr\/wp-content\/uploads\/2025\/07\/saint-chamas-ibanez-296x300.jpg 296w, https:\/\/celiaibanez.fr\/wp-content\/uploads\/2025\/07\/saint-chamas-ibanez-768x779.jpg 768w, https:\/\/celiaibanez.fr\/wp-content\/uploads\/2025\/07\/saint-chamas-ibanez.jpg 1080w\" sizes=\"auto, (max-width: 1010px) 100vw, 1010px\" \/><\/a><\/figure>\n<\/div>\n\n\n<p class=\"has-medium-font-size\"><strong><strong><mark style=\"background-color:rgba(0, 0, 0, 0);color:#fc17ea\" class=\"has-inline-color\">RENCONTRE A LA M\u00c9DIATH\u00c8QUE DE SAINT-CHAMAS<\/mark><\/strong><\/strong><\/p>\n\n\n\n<figure class=\"wp-block-embed is-type-video is-provider-youtube wp-block-embed-youtube wp-embed-aspect-16-9 wp-has-aspect-ratio\"><div class=\"wp-block-embed__wrapper\">\n<iframe loading=\"lazy\" title=\"C\u00e9lia Ibanez \u00e0 la m\u00e9diath\u00e8que de #saintchamas\" width=\"400\" height=\"711\" src=\"https:\/\/www.youtube.com\/embed\/mGo-uhfUStY?feature=oembed\" frameborder=\"0\" allow=\"accelerometer; autoplay; clipboard-write; encrypted-media; gyroscope; picture-in-picture; web-share\" referrerpolicy=\"strict-origin-when-cross-origin\" allowfullscreen><\/iframe>\n<\/div><\/figure>\n\n\n\n<p class=\"has-medium-font-size\"><strong><strong><mark style=\"background-color:rgba(0, 0, 0, 0);color:#fc17ea\" class=\"has-inline-color\">SALON DU LIVRE D&rsquo;ALLEINS<\/mark><\/strong><\/strong><\/p>\n\n\n\n<figure class=\"wp-block-embed is-type-video is-provider-youtube wp-block-embed-youtube wp-embed-aspect-16-9 wp-has-aspect-ratio\"><div class=\"wp-block-embed__wrapper\">\n<iframe loading=\"lazy\" title=\"Celia Ibanez \u00e0 Alleins\" width=\"400\" height=\"711\" src=\"https:\/\/www.youtube.com\/embed\/G9fVrQ-sHcc?feature=oembed\" frameborder=\"0\" allow=\"accelerometer; autoplay; clipboard-write; encrypted-media; gyroscope; picture-in-picture; web-share\" referrerpolicy=\"strict-origin-when-cross-origin\" allowfullscreen><\/iframe>\n<\/div><\/figure>\n\n\n\n<p class=\"has-medium-font-size\"><strong><strong><mark style=\"background-color:rgba(0, 0, 0, 0);color:#fc17ea\" class=\"has-inline-color\">FABULEUX FESTIVAL DE VITROLLES<\/mark><\/strong><\/strong><\/p>\n\n\n<div class=\"wp-block-image\">\n<figure class=\"aligncenter size-large is-resized\"><a href=\"https:\/\/lestribulationsduneromanciere-fr.webnode.fr\/l\/fabuleux-festival-de-vitrolles-un-week-end-magique\/?_gl=1*1d3p2ng*_gcl_au*MTE5Njc3NzU3OS4xNzUyMTU0MDAwLjUyNDMyMjk0Mi4xNzUyMTU0MDU3LjE3NTIxNTQwNjY.\"><img loading=\"lazy\" decoding=\"async\" width=\"768\" height=\"1024\" src=\"https:\/\/celiaibanez.fr\/wp-content\/uploads\/2025\/07\/IBANEZ-FABULAUX-FESTIVAL-768x1024.jpg\" alt=\"\" class=\"wp-image-1847\" style=\"width:473px;height:auto\" srcset=\"https:\/\/celiaibanez.fr\/wp-content\/uploads\/2025\/07\/IBANEZ-FABULAUX-FESTIVAL-768x1024.jpg 768w, https:\/\/celiaibanez.fr\/wp-content\/uploads\/2025\/07\/IBANEZ-FABULAUX-FESTIVAL-225x300.jpg 225w, https:\/\/celiaibanez.fr\/wp-content\/uploads\/2025\/07\/IBANEZ-FABULAUX-FESTIVAL-1152x1536.jpg 1152w, https:\/\/celiaibanez.fr\/wp-content\/uploads\/2025\/07\/IBANEZ-FABULAUX-FESTIVAL.jpg 1536w\" sizes=\"auto, (max-width: 768px) 100vw, 768px\" \/><\/a><\/figure>\n<\/div>\n\n\n<p class=\"has-medium-font-size\"><strong><strong><mark style=\"background-color:rgba(0, 0, 0, 0);color:#fc17ea\" class=\"has-inline-color\">CULTURA PLAN DE CAMPAGNE<\/mark><\/strong><\/strong><\/p>\n\n\n<div class=\"wp-block-image\">\n<figure class=\"aligncenter size-large is-resized\"><a href=\"https:\/\/lestribulationsduneromanciere-fr.webnode.fr\/l\/cultura-plan-de-campagne-retour-en-video\/?_gl=1*1pgber3*_gcl_au*MTE5Njc3NzU3OS4xNzUyMTU0MDAwLjUyNDMyMjk0Mi4xNzUyMTU0MDU3LjE3NTIxNTQwNjY.\"><img loading=\"lazy\" decoding=\"async\" width=\"768\" height=\"1024\" src=\"https:\/\/celiaibanez.fr\/wp-content\/uploads\/2025\/07\/ENFANT-CULTURA-768x1024.jpg\" alt=\"\" class=\"wp-image-1843\" style=\"width:481px;height:auto\" srcset=\"https:\/\/celiaibanez.fr\/wp-content\/uploads\/2025\/07\/ENFANT-CULTURA-768x1024.jpg 768w, https:\/\/celiaibanez.fr\/wp-content\/uploads\/2025\/07\/ENFANT-CULTURA-225x300.jpg 225w, https:\/\/celiaibanez.fr\/wp-content\/uploads\/2025\/07\/ENFANT-CULTURA-1152x1536.jpg 1152w, https:\/\/celiaibanez.fr\/wp-content\/uploads\/2025\/07\/ENFANT-CULTURA.jpg 1536w\" sizes=\"auto, (max-width: 768px) 100vw, 768px\" \/><\/a><\/figure>\n<\/div>\n\n\n<p class=\"has-medium-font-size\"><strong><strong><mark style=\"background-color:rgba(0, 0, 0, 0);color:#fc17ea\" class=\"has-inline-color\">COM\u00c9DIE OFF DU LIVRE DE MONTPELLIER 2025<\/mark><\/strong><\/strong><\/p>\n\n\n<div class=\"wp-block-image\">\n<figure class=\"aligncenter size-large is-resized\"><a href=\"https:\/\/lestribulationsduneromanciere-fr.webnode.fr\/l\/comedie-off-du-livre-de-montpellier-retour-en-images\/?_gl=1*y2biz5*_gcl_au*MTE5Njc3NzU3OS4xNzUyMTU0MDAwLjUyNDMyMjk0Mi4xNzUyMTU0MDU3LjE3NTIxNTQwNjY.\"><img loading=\"lazy\" decoding=\"async\" width=\"656\" height=\"1024\" src=\"https:\/\/celiaibanez.fr\/wp-content\/uploads\/2025\/07\/comedie-off1-656x1024.jpg\" alt=\"\" class=\"wp-image-1841\" style=\"width:489px;height:auto\" srcset=\"https:\/\/celiaibanez.fr\/wp-content\/uploads\/2025\/07\/comedie-off1-656x1024.jpg 656w, https:\/\/celiaibanez.fr\/wp-content\/uploads\/2025\/07\/comedie-off1-192x300.jpg 192w, https:\/\/celiaibanez.fr\/wp-content\/uploads\/2025\/07\/comedie-off1-768x1199.jpg 768w, https:\/\/celiaibanez.fr\/wp-content\/uploads\/2025\/07\/comedie-off1.jpg 924w\" sizes=\"auto, (max-width: 656px) 100vw, 656px\" \/><\/a><\/figure>\n<\/div>\n\n\n<p class=\"has-medium-font-size\"><strong><strong><mark style=\"background-color:rgba(0, 0, 0, 0);color:#fc17ea\" class=\"has-inline-color\">MONTPELLIER GAZETTE CAF\u00c9  2025<\/mark><\/strong><\/strong><\/p>\n\n\n<div class=\"wp-block-image\">\n<figure class=\"aligncenter size-large\"><a href=\"https:\/\/lestribulationsduneromanciere-fr.webnode.fr\/l\/retour-sur-ma-conference-a-montpellier\/?_gl=1*12g0f0b*_gcl_au*MTE5Njc3NzU3OS4xNzUyMTU0MDAwLjUyNDMyMjk0Mi4xNzUyMTU0MDU3LjE3NTIxNTQwNjY.\"><img loading=\"lazy\" decoding=\"async\" width=\"1024\" height=\"1021\" src=\"https:\/\/celiaibanez.fr\/wp-content\/uploads\/2025\/07\/conference-1-1024x1021.jpg\" alt=\"\" class=\"wp-image-1836\" srcset=\"https:\/\/celiaibanez.fr\/wp-content\/uploads\/2025\/07\/conference-1-1024x1021.jpg 1024w, https:\/\/celiaibanez.fr\/wp-content\/uploads\/2025\/07\/conference-1-300x300.jpg 300w, https:\/\/celiaibanez.fr\/wp-content\/uploads\/2025\/07\/conference-1-150x150.jpg 150w, https:\/\/celiaibanez.fr\/wp-content\/uploads\/2025\/07\/conference-1-768x766.jpg 768w, https:\/\/celiaibanez.fr\/wp-content\/uploads\/2025\/07\/conference-1.jpg 1080w\" sizes=\"auto, (max-width: 1024px) 100vw, 1024px\" \/><\/a><\/figure>\n<\/div>\n\n\n<p class=\"has-medium-font-size\"><strong><strong><mark style=\"background-color:rgba(0, 0, 0, 0);color:#fc17ea\" class=\"has-inline-color\">CULTURA AUBAGNE 2024 <\/mark><\/strong><\/strong><\/p>\n\n\n<div class=\"wp-block-image\">\n<figure class=\"aligncenter size-large\"><a href=\"https:\/\/lestribulationsduneromanciere-fr.webnode.fr\/l\/un-samedi-chez-cultura-aubagne\/?_gl=1*1rlfe0u*_gcl_au*MTI3ODA0OTI3Mi4xNzM5NzE3Njk0\"><img loading=\"lazy\" decoding=\"async\" width=\"1024\" height=\"1010\" src=\"https:\/\/celiaibanez.fr\/wp-content\/uploads\/2025\/02\/cultura-1-1024x1010.jpg\" alt=\"\" class=\"wp-image-1661\" srcset=\"https:\/\/celiaibanez.fr\/wp-content\/uploads\/2025\/02\/cultura-1-1024x1010.jpg 1024w, https:\/\/celiaibanez.fr\/wp-content\/uploads\/2025\/02\/cultura-1-300x296.jpg 300w, https:\/\/celiaibanez.fr\/wp-content\/uploads\/2025\/02\/cultura-1-768x757.jpg 768w, https:\/\/celiaibanez.fr\/wp-content\/uploads\/2025\/02\/cultura-1-100x100.jpg 100w, https:\/\/celiaibanez.fr\/wp-content\/uploads\/2025\/02\/cultura-1.jpg 1080w\" sizes=\"auto, (max-width: 1024px) 100vw, 1024px\" \/><\/a><\/figure>\n<\/div>\n\n\n<p class=\"has-medium-font-size\"><strong><strong><mark style=\"background-color:rgba(0, 0, 0, 0);color:#fc17ea\" class=\"has-inline-color\">HEROFESTIVAL 2024 <\/mark><\/strong><\/strong><\/p>\n\n\n<div class=\"wp-block-image\">\n<figure class=\"aligncenter size-large\"><a href=\"https:\/\/lestribulationsduneromanciere-fr.webnode.fr\/l\/herofestival-marseille-2024-des-couleurs-plein-les-yeux\/?_gl=1*alelpz*_gcl_au*MTkwMjc5ODYyMy4xNzMxNzcxNTQy\"><img loading=\"lazy\" decoding=\"async\" width=\"1024\" height=\"768\" src=\"https:\/\/celiaibanez.fr\/wp-content\/uploads\/2024\/11\/HERO-FESTIVAL-IBANEZ-1024x768.jpg\" alt=\"\" class=\"wp-image-1616\" srcset=\"https:\/\/celiaibanez.fr\/wp-content\/uploads\/2024\/11\/HERO-FESTIVAL-IBANEZ-1024x768.jpg 1024w, https:\/\/celiaibanez.fr\/wp-content\/uploads\/2024\/11\/HERO-FESTIVAL-IBANEZ-300x225.jpg 300w, https:\/\/celiaibanez.fr\/wp-content\/uploads\/2024\/11\/HERO-FESTIVAL-IBANEZ-768x576.jpg 768w, https:\/\/celiaibanez.fr\/wp-content\/uploads\/2024\/11\/HERO-FESTIVAL-IBANEZ.jpg 1080w\" sizes=\"auto, (max-width: 1024px) 100vw, 1024px\" \/><\/a><\/figure>\n<\/div>\n\n\n<p class=\"has-medium-font-size\"><strong><strong><mark style=\"background-color:rgba(0, 0, 0, 0);color:#fc17ea\" class=\"has-inline-color\">FEUILLES ET TH\u00c9S 2024<\/mark><\/strong><\/strong><\/p>\n\n\n\n<figure class=\"wp-block-embed is-type-video is-provider-youtube wp-block-embed-youtube wp-embed-aspect-16-9 wp-has-aspect-ratio\"><div class=\"wp-block-embed__wrapper\">\n<iframe loading=\"lazy\" title=\"\u2b50Suivre son \u00e9toile\u2b50 #auteurefrancaise #saintchamas #m\u00e9tierdecoeur\" width=\"400\" height=\"711\" src=\"https:\/\/www.youtube.com\/embed\/unG4ZdWk8m4?feature=oembed\" frameborder=\"0\" allow=\"accelerometer; autoplay; clipboard-write; encrypted-media; gyroscope; picture-in-picture; web-share\" referrerpolicy=\"strict-origin-when-cross-origin\" allowfullscreen><\/iframe>\n<\/div><\/figure>\n\n\n\n<p class=\"has-medium-font-size\"><strong><strong><mark style=\"background-color:rgba(0, 0, 0, 0);color:#fc17ea\" class=\"has-inline-color\">L&rsquo;ARBRE MONDE 2024<\/mark><\/strong><\/strong><\/p>\n\n\n\n<figure class=\"wp-block-embed is-type-video is-provider-youtube wp-block-embed-youtube wp-embed-aspect-16-9 wp-has-aspect-ratio\"><div class=\"wp-block-embed__wrapper\">\n<iframe loading=\"lazy\" title=\"\ud83c\udf41\ud83e\udd87\ud83c\udf83Le mois de l&#039;imaginaire \ud83c\udf83\ud83e\udd87\ud83c\udf41 #auteurefrancaise #istres #arbremonde #autricejeunesse\" width=\"400\" height=\"711\" src=\"https:\/\/www.youtube.com\/embed\/K2k9nzxyFJw?feature=oembed\" frameborder=\"0\" allow=\"accelerometer; autoplay; clipboard-write; encrypted-media; gyroscope; picture-in-picture; web-share\" referrerpolicy=\"strict-origin-when-cross-origin\" allowfullscreen><\/iframe>\n<\/div><\/figure>\n\n\n\n<p class=\"has-medium-font-size\"><strong><strong><mark style=\"background-color:rgba(0, 0, 0, 0);color:#fc17ea\" class=\"has-inline-color\">L&rsquo;ARGONAUTE 2024<\/mark><\/strong><\/strong><\/p>\n\n\n\n<figure class=\"wp-block-embed is-type-video is-provider-youtube wp-block-embed-youtube wp-embed-aspect-16-9 wp-has-aspect-ratio\"><div class=\"wp-block-embed__wrapper\">\n<iframe loading=\"lazy\" title=\"\u2764\ufe0fMerci \u00e0 @argonaute2.0 pour cette tr\u00e8s belle journ\u00e9e de d\u00e9dicaces ! #auteurefrancaise\" width=\"400\" height=\"711\" src=\"https:\/\/www.youtube.com\/embed\/S5h961yZ4cY?feature=oembed\" frameborder=\"0\" allow=\"accelerometer; autoplay; clipboard-write; encrypted-media; gyroscope; picture-in-picture; web-share\" referrerpolicy=\"strict-origin-when-cross-origin\" allowfullscreen><\/iframe>\n<\/div><\/figure>\n\n\n\n<p class=\"has-medium-font-size\"><strong><strong><mark style=\"background-color:rgba(0, 0, 0, 0);color:#fc17ea\" class=\"has-inline-color\">FESTIVAL DU LIVRE DE MOUANS-SARTOUX, 2024<\/mark><\/strong><\/strong><\/p>\n\n\n<div class=\"wp-block-image\">\n<figure class=\"aligncenter size-large is-resized\"><a href=\"https:\/\/lestribulationsduneromanciere-fr.webnode.fr\/l\/festival-du-livre-de-mouans-sartoux-un-week-end-fabuleux\/\"><img loading=\"lazy\" decoding=\"async\" width=\"768\" height=\"1024\" src=\"https:\/\/celiaibanez.fr\/wp-content\/uploads\/2024\/10\/celia-ibanez-mouans-sartoux-768x1024.jpg\" alt=\"\" class=\"wp-image-1584\" style=\"width:496px;height:auto\" srcset=\"https:\/\/celiaibanez.fr\/wp-content\/uploads\/2024\/10\/celia-ibanez-mouans-sartoux-768x1024.jpg 768w, https:\/\/celiaibanez.fr\/wp-content\/uploads\/2024\/10\/celia-ibanez-mouans-sartoux-225x300.jpg 225w, https:\/\/celiaibanez.fr\/wp-content\/uploads\/2024\/10\/celia-ibanez-mouans-sartoux-1152x1536.jpg 1152w, https:\/\/celiaibanez.fr\/wp-content\/uploads\/2024\/10\/celia-ibanez-mouans-sartoux-300x400.jpg 300w, https:\/\/celiaibanez.fr\/wp-content\/uploads\/2024\/10\/celia-ibanez-mouans-sartoux.jpg 1536w\" sizes=\"auto, (max-width: 768px) 100vw, 768px\" \/><\/a><\/figure>\n<\/div>\n\n\n<p class=\"has-medium-font-size\"><strong><strong><mark style=\"background-color:rgba(0, 0, 0, 0);color:#fc17ea\" class=\"has-inline-color\">ENTRE LES MONDES, AURILLAC 2024<\/mark><\/strong><\/strong><\/p>\n\n\n\n<figure class=\"wp-block-embed is-type-video is-provider-youtube wp-block-embed-youtube wp-embed-aspect-16-9 wp-has-aspect-ratio\"><div class=\"wp-block-embed__wrapper\">\n<iframe loading=\"lazy\" title=\"Salon Entre les Mondes \u00e0 #aurillac \ud83d\udcf8 #auteurefrancaise #booktok\" width=\"400\" height=\"711\" src=\"https:\/\/www.youtube.com\/embed\/bAhQOZ0XjqA?feature=oembed\" frameborder=\"0\" allow=\"accelerometer; autoplay; clipboard-write; encrypted-media; gyroscope; picture-in-picture; web-share\" referrerpolicy=\"strict-origin-when-cross-origin\" allowfullscreen><\/iframe>\n<\/div><\/figure>\n\n\n\n<p class=\"has-medium-font-size\"><strong><strong><mark style=\"background-color:rgba(0, 0, 0, 0);color:#fc17ea\" class=\"has-inline-color\">LES \u00c9CRIVAINS EN PROVENCE 2024<\/mark><\/strong><\/strong><\/p>\n\n\n\n<figure class=\"wp-block-embed is-type-video is-provider-youtube wp-block-embed-youtube wp-embed-aspect-16-9 wp-has-aspect-ratio\"><div class=\"wp-block-embed__wrapper\">\n<iframe loading=\"lazy\" title=\"\ud83d\udcdaLes \u00c9crivains en Provence 2024\ud83d\udcda #auteurefrancaise #Fuveau #booktok #autricejeunesse\" width=\"400\" height=\"711\" src=\"https:\/\/www.youtube.com\/embed\/n3zv9aMBSPI?feature=oembed\" frameborder=\"0\" allow=\"accelerometer; autoplay; clipboard-write; encrypted-media; gyroscope; picture-in-picture; web-share\" referrerpolicy=\"strict-origin-when-cross-origin\" allowfullscreen><\/iframe>\n<\/div><\/figure>\n\n\n\n<p class=\"has-medium-font-size\"><strong><strong><mark style=\"background-color:rgba(0, 0, 0, 0);color:#fc17ea\" class=\"has-inline-color\">LA BULLE MART\u00c9<\/mark><\/strong><\/strong><strong><strong><mark style=\"background-color:rgba(0, 0, 0, 0);color:#fc17ea\" class=\"has-inline-color\">GALE 2024<\/mark><\/strong><\/strong><\/p>\n\n\n<div class=\"wp-block-image\">\n<figure class=\"aligncenter size-large is-resized\"><a href=\"https:\/\/lestribulationsduneromanciere-fr.webnode.fr\/l\/la-bulle-martegale-la-bd-au-coeur-du-centre-ville\/\"><img loading=\"lazy\" decoding=\"async\" width=\"839\" height=\"1024\" src=\"https:\/\/celiaibanez.fr\/wp-content\/uploads\/2024\/09\/NATHALIIA-839x1024.jpg\" alt=\"\" class=\"wp-image-1532\" style=\"width:489px;height:auto\" srcset=\"https:\/\/celiaibanez.fr\/wp-content\/uploads\/2024\/09\/NATHALIIA-839x1024.jpg 839w, https:\/\/celiaibanez.fr\/wp-content\/uploads\/2024\/09\/NATHALIIA-246x300.jpg 246w, https:\/\/celiaibanez.fr\/wp-content\/uploads\/2024\/09\/NATHALIIA-768x937.jpg 768w, https:\/\/celiaibanez.fr\/wp-content\/uploads\/2024\/09\/NATHALIIA-1258x1536.jpg 1258w, https:\/\/celiaibanez.fr\/wp-content\/uploads\/2024\/09\/NATHALIIA-300x366.jpg 300w, https:\/\/celiaibanez.fr\/wp-content\/uploads\/2024\/09\/NATHALIIA.jpg 1500w\" sizes=\"auto, (max-width: 839px) 100vw, 839px\" \/><\/a><\/figure>\n<\/div>\n\n\n<p class=\"has-medium-font-size\"><strong><strong><mark style=\"background-color:rgba(0, 0, 0, 0);color:#fc17ea\" class=\"has-inline-color\">CONVENTION NATIONALE FRAN\u00c7AISE DE SCIENCE-FICTION 2024<\/mark><\/strong><\/strong><\/p>\n\n\n<div class=\"wp-block-image\">\n<figure class=\"aligncenter size-large is-resized\"><a href=\"https:\/\/lestribulationsduneromanciere-fr.webnode.fr\/l\/convention-nationale-francaise-de-science-fiction-4-jours-autour-de-la-sf\/\"><img loading=\"lazy\" decoding=\"async\" width=\"1024\" height=\"768\" src=\"https:\/\/celiaibanez.fr\/wp-content\/uploads\/2024\/08\/convention-natinale-francaise-de-sf-celia-ibanez-1024x768.jpg\" alt=\"\" class=\"wp-image-1503\" style=\"width:508px;height:auto\" srcset=\"https:\/\/celiaibanez.fr\/wp-content\/uploads\/2024\/08\/convention-natinale-francaise-de-sf-celia-ibanez-1024x768.jpg 1024w, https:\/\/celiaibanez.fr\/wp-content\/uploads\/2024\/08\/convention-natinale-francaise-de-sf-celia-ibanez-300x225.jpg 300w, https:\/\/celiaibanez.fr\/wp-content\/uploads\/2024\/08\/convention-natinale-francaise-de-sf-celia-ibanez-768x576.jpg 768w, https:\/\/celiaibanez.fr\/wp-content\/uploads\/2024\/08\/convention-natinale-francaise-de-sf-celia-ibanez-1536x1152.jpg 1536w, https:\/\/celiaibanez.fr\/wp-content\/uploads\/2024\/08\/convention-natinale-francaise-de-sf-celia-ibanez.jpg 2000w\" sizes=\"auto, (max-width: 1024px) 100vw, 1024px\" \/><\/a><\/figure>\n<\/div>\n\n\n<p class=\"has-medium-font-size\"><strong><strong><mark style=\"background-color:rgba(0, 0, 0, 0);color:#fc17ea\" class=\"has-inline-color\">LIBRAIRIE LA RUELLE DIGNE-LES-BAINS 2024<\/mark><mark style=\"background-color:rgba(0, 0, 0, 0);color:#fc17ea\" class=\"has-inline-color\"><\/mark><\/strong><\/strong><\/p>\n\n\n\n<figure class=\"wp-block-embed is-type-video is-provider-youtube wp-block-embed-youtube wp-embed-aspect-16-9 wp-has-aspect-ratio\"><div class=\"wp-block-embed__wrapper\">\n<iframe loading=\"lazy\" title=\"\ud83c\udf3aD\u00e9dicace \u00e0 Digne-les-bains \ud83c\udf3a\" width=\"400\" height=\"711\" src=\"https:\/\/www.youtube.com\/embed\/0zp6yLFpKBQ?feature=oembed\" frameborder=\"0\" allow=\"accelerometer; autoplay; clipboard-write; encrypted-media; gyroscope; picture-in-picture; web-share\" referrerpolicy=\"strict-origin-when-cross-origin\" allowfullscreen><\/iframe>\n<\/div><\/figure>\n\n\n\n<p class=\"has-medium-font-size\"><strong><strong><mark style=\"background-color:rgba(0, 0, 0, 0);color:#fc17ea\" class=\"has-inline-color\">LIBRAIRIE MASSENA NICE 2024<\/mark><mark style=\"background-color:rgba(0, 0, 0, 0);color:#fc17ea\" class=\"has-inline-color\"><\/mark><\/strong><\/strong><\/p>\n\n\n\n<figure class=\"wp-block-embed is-type-video is-provider-youtube wp-block-embed-youtube wp-embed-aspect-16-9 wp-has-aspect-ratio\"><div class=\"wp-block-embed__wrapper\">\n<iframe loading=\"lazy\" title=\"\ud83d\udcdaChez la librairie Massena \u00e0 Nice\ud83d\udcda\" width=\"400\" height=\"711\" src=\"https:\/\/www.youtube.com\/embed\/PBCm96-GYh4?feature=oembed\" frameborder=\"0\" allow=\"accelerometer; autoplay; clipboard-write; encrypted-media; gyroscope; picture-in-picture; web-share\" referrerpolicy=\"strict-origin-when-cross-origin\" allowfullscreen><\/iframe>\n<\/div><\/figure>\n\n\n\n<p class=\"has-medium-font-size\"><strong><strong><mark style=\"background-color:rgba(0, 0, 0, 0);color:#fc17ea\" class=\"has-inline-color\">LIBRAIRIE LAGON NOIR AIX EN PROVENCE 2024 <\/mark><\/strong><\/strong> <\/p>\n\n\n\n<figure class=\"wp-block-embed is-type-video is-provider-youtube wp-block-embed-youtube wp-embed-aspect-16-9 wp-has-aspect-ratio\"><div class=\"wp-block-embed__wrapper\">\n<iframe loading=\"lazy\" title=\"\ud83c\udf1fChez la Librairie Lagon Noir \u00e0 Aix en Provence \ud83c\udf1f\" width=\"400\" height=\"711\" src=\"https:\/\/www.youtube.com\/embed\/S1VMeCpDFuA?feature=oembed\" frameborder=\"0\" allow=\"accelerometer; autoplay; clipboard-write; encrypted-media; gyroscope; picture-in-picture; web-share\" referrerpolicy=\"strict-origin-when-cross-origin\" allowfullscreen><\/iframe>\n<\/div><\/figure>\n\n\n\n<p class=\"has-medium-font-size\"><strong><strong><mark style=\"background-color:rgba(0, 0, 0, 0);color:#fc17ea\" class=\"has-inline-color\">LIBRAIRIE CALLIOP<strong>\u00c9<\/strong>E AIX EN PROVENCE 2024<\/mark><mark style=\"background-color:rgba(0, 0, 0, 0);color:#fc17ea\" class=\"has-inline-color\"><\/mark><\/strong><\/strong><\/p>\n\n\n<div class=\"wp-block-image\">\n<figure class=\"aligncenter size-large is-resized\"><a href=\"https:\/\/lestribulationsduneromanciere-fr.webnode.fr\/l\/apres-midi-a-aix-en-provence-chez-calliopee\/\"><img loading=\"lazy\" decoding=\"async\" width=\"820\" height=\"1024\" src=\"https:\/\/celiaibanez.fr\/wp-content\/uploads\/2024\/07\/ibanez-antre-de-colliopee-1-820x1024.jpg\" alt=\"\" class=\"wp-image-1465\" style=\"width:404px;height:auto\" srcset=\"https:\/\/celiaibanez.fr\/wp-content\/uploads\/2024\/07\/ibanez-antre-de-colliopee-1-820x1024.jpg 820w, https:\/\/celiaibanez.fr\/wp-content\/uploads\/2024\/07\/ibanez-antre-de-colliopee-1-240x300.jpg 240w, https:\/\/celiaibanez.fr\/wp-content\/uploads\/2024\/07\/ibanez-antre-de-colliopee-1-768x960.jpg 768w, https:\/\/celiaibanez.fr\/wp-content\/uploads\/2024\/07\/ibanez-antre-de-colliopee-1-300x375.jpg 300w, https:\/\/celiaibanez.fr\/wp-content\/uploads\/2024\/07\/ibanez-antre-de-colliopee-1.jpg 1058w\" sizes=\"auto, (max-width: 820px) 100vw, 820px\" \/><\/a><\/figure>\n<\/div>\n\n\n<p class=\"has-medium-font-size\"><strong><strong><mark style=\"background-color:rgba(0, 0, 0, 0);color:#fc17ea\" class=\"has-inline-color\">SABY CONCEPT STORE 2024<\/mark><mark style=\"background-color:rgba(0, 0, 0, 0);color:#fc17ea\" class=\"has-inline-color\"><\/mark><\/strong><\/strong><\/p>\n\n\n<div class=\"wp-block-image\">\n<figure class=\"aligncenter size-large is-resized\"><a href=\"https:\/\/lestribulationsduneromanciere-fr.webnode.fr\/l\/lapero-dedicace-chez-saby\/\"><img loading=\"lazy\" decoding=\"async\" width=\"768\" height=\"1024\" src=\"https:\/\/celiaibanez.fr\/wp-content\/uploads\/2024\/06\/CELIA-IBANEZ-CHEZ-SABY-3-768x1024.jpg\" alt=\"\" class=\"wp-image-1451\" style=\"width:398px;height:auto\" srcset=\"https:\/\/celiaibanez.fr\/wp-content\/uploads\/2024\/06\/CELIA-IBANEZ-CHEZ-SABY-3-768x1024.jpg 768w, https:\/\/celiaibanez.fr\/wp-content\/uploads\/2024\/06\/CELIA-IBANEZ-CHEZ-SABY-3-225x300.jpg 225w, https:\/\/celiaibanez.fr\/wp-content\/uploads\/2024\/06\/CELIA-IBANEZ-CHEZ-SABY-3-1152x1536.jpg 1152w, https:\/\/celiaibanez.fr\/wp-content\/uploads\/2024\/06\/CELIA-IBANEZ-CHEZ-SABY-3-300x400.jpg 300w, https:\/\/celiaibanez.fr\/wp-content\/uploads\/2024\/06\/CELIA-IBANEZ-CHEZ-SABY-3.jpg 1500w\" sizes=\"auto, (max-width: 768px) 100vw, 768px\" \/><\/a><\/figure>\n<\/div>\n\n\n<p class=\"has-medium-font-size\"><strong><strong><mark style=\"background-color:rgba(0, 0, 0, 0);color:#fc17ea\" class=\"has-inline-color\">Vidau&rsquo;Bulles 2024<\/mark><mark style=\"background-color:rgba(0, 0, 0, 0);color:#fc17ea\" class=\"has-inline-color\"><\/mark><\/strong><\/strong><\/p>\n\n\n<div class=\"wp-block-image\">\n<figure class=\"aligncenter size-large is-resized\"><a href=\"https:\/\/lestribulationsduneromanciere-fr.webnode.fr\/l\/vidaubulles-2024-un-magnifique-week-end-sous-le-signe-de-limaginaire\/\"><img loading=\"lazy\" decoding=\"async\" width=\"1024\" height=\"768\" src=\"https:\/\/celiaibanez.fr\/wp-content\/uploads\/2024\/06\/VIDAUBAN-2024-IBANEZ-5-1024x768.jpg\" alt=\"\" class=\"wp-image-1438\" style=\"width:411px;height:auto\" srcset=\"https:\/\/celiaibanez.fr\/wp-content\/uploads\/2024\/06\/VIDAUBAN-2024-IBANEZ-5-1024x768.jpg 1024w, https:\/\/celiaibanez.fr\/wp-content\/uploads\/2024\/06\/VIDAUBAN-2024-IBANEZ-5-300x225.jpg 300w, https:\/\/celiaibanez.fr\/wp-content\/uploads\/2024\/06\/VIDAUBAN-2024-IBANEZ-5-768x576.jpg 768w, https:\/\/celiaibanez.fr\/wp-content\/uploads\/2024\/06\/VIDAUBAN-2024-IBANEZ-5-1536x1152.jpg 1536w, https:\/\/celiaibanez.fr\/wp-content\/uploads\/2024\/06\/VIDAUBAN-2024-IBANEZ-5.jpg 2000w\" sizes=\"auto, (max-width: 1024px) 100vw, 1024px\" \/><\/a><\/figure>\n<\/div>\n\n\n<p class=\"has-medium-font-size\"><strong><mark style=\"background-color:rgba(0, 0, 0, 0);color:#fc17ea\" class=\"has-inline-color\">Imaginales 2024<\/mark><mark style=\"background-color:rgba(0, 0, 0, 0);color:#fc17ea\" class=\"has-inline-color\"><\/mark><\/strong><\/p>\n\n\n<div class=\"wp-block-image\">\n<figure class=\"aligncenter size-large is-resized\"><a href=\"https:\/\/lestribulationsduneromanciere-fr.cms.webnode.fr\/l\/imaginales-2024-retour-en-images\/\"><img loading=\"lazy\" decoding=\"async\" width=\"1024\" height=\"1024\" src=\"https:\/\/celiaibanez.fr\/wp-content\/uploads\/2024\/06\/IMAGINALES-2024-IBANEZ-LL-1024x1024.jpg\" alt=\"\" class=\"wp-image-1434\" style=\"width:409px;height:auto\" srcset=\"https:\/\/celiaibanez.fr\/wp-content\/uploads\/2024\/06\/IMAGINALES-2024-IBANEZ-LL-1024x1024.jpg 1024w, https:\/\/celiaibanez.fr\/wp-content\/uploads\/2024\/06\/IMAGINALES-2024-IBANEZ-LL-300x300.jpg 300w, https:\/\/celiaibanez.fr\/wp-content\/uploads\/2024\/06\/IMAGINALES-2024-IBANEZ-LL-150x150.jpg 150w, https:\/\/celiaibanez.fr\/wp-content\/uploads\/2024\/06\/IMAGINALES-2024-IBANEZ-LL-768x768.jpg 768w, https:\/\/celiaibanez.fr\/wp-content\/uploads\/2024\/06\/IMAGINALES-2024-IBANEZ-LL-1536x1536.jpg 1536w, https:\/\/celiaibanez.fr\/wp-content\/uploads\/2024\/06\/IMAGINALES-2024-IBANEZ-LL-100x100.jpg 100w, https:\/\/celiaibanez.fr\/wp-content\/uploads\/2024\/06\/IMAGINALES-2024-IBANEZ-LL.jpg 2048w\" sizes=\"auto, (max-width: 1024px) 100vw, 1024px\" \/><\/a><\/figure>\n<\/div>\n\n\n<p class=\"has-medium-font-size\"><strong><mark style=\"background-color:rgba(0, 0, 0, 0);color:#fc17ea\" class=\"has-inline-color\">Remise des prix ORION 2024<\/mark><mark style=\"background-color:rgba(0, 0, 0, 0);color:#fc17ea\" class=\"has-inline-color\"><\/mark><\/strong><\/p>\n\n\n<div class=\"wp-block-image\">\n<figure class=\"aligncenter size-large is-resized\"><a href=\"https:\/\/lestribulationsduneromanciere-fr.webnode.fr\/l\/ceremonie-de-remise-des-prix-orion-une-magnifique-soiree-sous-le-signe-de-la-sf\/\"><img loading=\"lazy\" decoding=\"async\" width=\"1024\" height=\"771\" src=\"https:\/\/celiaibanez.fr\/wp-content\/uploads\/2024\/06\/photo-nancy-1024x771.jpg\" alt=\"\" class=\"wp-image-1421\" style=\"width:425px;height:auto\" srcset=\"https:\/\/celiaibanez.fr\/wp-content\/uploads\/2024\/06\/photo-nancy-1024x771.jpg 1024w, https:\/\/celiaibanez.fr\/wp-content\/uploads\/2024\/06\/photo-nancy-300x226.jpg 300w, https:\/\/celiaibanez.fr\/wp-content\/uploads\/2024\/06\/photo-nancy-768x578.jpg 768w, https:\/\/celiaibanez.fr\/wp-content\/uploads\/2024\/06\/photo-nancy-1536x1157.jpg 1536w, https:\/\/celiaibanez.fr\/wp-content\/uploads\/2024\/06\/photo-nancy.jpg 1599w\" sizes=\"auto, (max-width: 1024px) 100vw, 1024px\" \/><\/a><\/figure>\n<\/div>\n\n\n<p class=\"has-medium-font-size\"><strong><mark style=\"background-color:rgba(0, 0, 0, 0);color:#fb17e1\" class=\"has-inline-color\"><\/mark><mark style=\"background-color:rgba(0, 0, 0, 0);color:#fb17e1\" class=\"has-inline-color\"><\/mark><\/strong><\/p>\n\n\n\n<p class=\"has-medium-font-size\"><strong><mark style=\"background-color:rgba(0, 0, 0, 0);color:#fc17ea\" class=\"has-inline-color\">Chez Saby Concept Store 2023<\/mark><\/strong><\/p>\n\n\n<div class=\"wp-block-image\">\n<figure class=\"aligncenter size-large is-resized\"><a href=\"https:\/\/lestribulationsduneromanciere-fr.webnode.fr\/l\/brunch-chez-saby\/?_gl=1*1nvhjp9*_ga*MjA0MTU3NTY0LjE2Nzc0MzM2MjU.*_ga_YSX1HV0KT8*MTcwMzc3NDQ4NC4xOC4xLjE3MDM3NzU5NTQuMzguMC4w&amp;_ga=2.192656362.1715101255.1703774512-204157564.1677433625\"><img loading=\"lazy\" decoding=\"async\" width=\"768\" height=\"1024\" src=\"https:\/\/celiaibanez.fr\/wp-content\/uploads\/2023\/12\/SABY-5-768x1024.jpg\" alt=\"\" class=\"wp-image-1257\" style=\"width:419px;height:auto\" srcset=\"https:\/\/celiaibanez.fr\/wp-content\/uploads\/2023\/12\/SABY-5-768x1024.jpg 768w, https:\/\/celiaibanez.fr\/wp-content\/uploads\/2023\/12\/SABY-5-225x300.jpg 225w, https:\/\/celiaibanez.fr\/wp-content\/uploads\/2023\/12\/SABY-5-1152x1536.jpg 1152w, https:\/\/celiaibanez.fr\/wp-content\/uploads\/2023\/12\/SABY-5-300x400.jpg 300w, https:\/\/celiaibanez.fr\/wp-content\/uploads\/2023\/12\/SABY-5.jpg 1500w\" sizes=\"auto, (max-width: 768px) 100vw, 768px\" \/><\/a><\/figure>\n<\/div>\n\n\n<p class=\"has-medium-font-size\"><strong><mark style=\"background-color:rgba(0, 0, 0, 0);color:#fb17e1\" class=\"has-inline-color\">Librairie Argonaute 2023<mark style=\"background-color:rgba(0, 0, 0, 0);color:#fe15cb\" class=\"has-inline-color\"><\/mark><\/mark><\/strong><\/p>\n\n\n<div class=\"wp-block-image\">\n<figure class=\"aligncenter size-large is-resized\"><a href=\"https:\/\/lestribulationsduneromanciere-fr.webnode.fr\/l\/petite-dedicace-chez-largonaute\/?_gl=1*1vs4vow*_ga*MjA0MTU3NTY0LjE2Nzc0MzM2MjU.*_ga_YSX1HV0KT8*MTcwMzc3NDQ4NC4xOC4xLjE3MDM3NzQ2NjIuNTkuMC4w&amp;_ga=2.139638515.1715101255.1703774512-204157564.1677433625\"><img loading=\"lazy\" decoding=\"async\" width=\"765\" height=\"1024\" src=\"https:\/\/celiaibanez.fr\/wp-content\/uploads\/2023\/12\/ARGONAUTE-2-765x1024.jpg\" alt=\"\" class=\"wp-image-1254\" style=\"width:427px;height:auto\" srcset=\"https:\/\/celiaibanez.fr\/wp-content\/uploads\/2023\/12\/ARGONAUTE-2-765x1024.jpg 765w, https:\/\/celiaibanez.fr\/wp-content\/uploads\/2023\/12\/ARGONAUTE-2-224x300.jpg 224w, https:\/\/celiaibanez.fr\/wp-content\/uploads\/2023\/12\/ARGONAUTE-2-768x1028.jpg 768w, https:\/\/celiaibanez.fr\/wp-content\/uploads\/2023\/12\/ARGONAUTE-2-1147x1536.jpg 1147w, https:\/\/celiaibanez.fr\/wp-content\/uploads\/2023\/12\/ARGONAUTE-2-300x402.jpg 300w, https:\/\/celiaibanez.fr\/wp-content\/uploads\/2023\/12\/ARGONAUTE-2.jpg 1434w\" sizes=\"auto, (max-width: 765px) 100vw, 765px\" \/><\/a><\/figure>\n<\/div>\n\n\n<p class=\"has-medium-font-size\"><strong><mark style=\"background-color:rgba(0, 0, 0, 0);color:#fb17e1\" class=\"has-inline-color\">Hero Festival Marseille 2023<mark style=\"background-color:rgba(0, 0, 0, 0);color:#fe15cb\" class=\"has-inline-color\"><\/mark><\/mark><\/strong><\/p>\n\n\n<div class=\"wp-block-image\">\n<figure class=\"aligncenter size-large is-resized\"><a href=\"https:\/\/lestribulationsduneromanciere-fr.webnode.fr\/l\/dans-la-peau-de-cruelle-denfer\/?_gl=1*12u0ny4*_ga*MjA0MTU3NTY0LjE2Nzc0MzM2MjU.*_ga_YSX1HV0KT8*MTcwMDkxMzEwOS4xNy4xLjE3MDA5MTMxOTMuMzguMC4w&amp;_ga=2.264258310.840882155.1700913109-204157564.1677433625\"><img loading=\"lazy\" decoding=\"async\" width=\"776\" height=\"1024\" src=\"https:\/\/celiaibanez.fr\/wp-content\/uploads\/2023\/11\/48-776x1024.jpg\" alt=\"\" class=\"wp-image-1247\" style=\"width:427px;height:auto\" srcset=\"https:\/\/celiaibanez.fr\/wp-content\/uploads\/2023\/11\/48-776x1024.jpg 776w, https:\/\/celiaibanez.fr\/wp-content\/uploads\/2023\/11\/48-227x300.jpg 227w, https:\/\/celiaibanez.fr\/wp-content\/uploads\/2023\/11\/48-768x1013.jpg 768w, https:\/\/celiaibanez.fr\/wp-content\/uploads\/2023\/11\/48-1164x1536.jpg 1164w, https:\/\/celiaibanez.fr\/wp-content\/uploads\/2023\/11\/48-300x396.jpg 300w, https:\/\/celiaibanez.fr\/wp-content\/uploads\/2023\/11\/48.jpg 1361w\" sizes=\"auto, (max-width: 776px) 100vw, 776px\" \/><\/a><\/figure>\n<\/div>\n\n\n<p class=\"has-medium-font-size\"><strong><mark style=\"background-color:rgba(0, 0, 0, 0);color:#fe15cb\" class=\"has-inline-color\">Salon du bien-\u00eatre de La Couronne\/Martigues 2023<\/mark><\/strong><\/p>\n\n\n<div class=\"wp-block-image\">\n<figure class=\"aligncenter size-large is-resized\"><a href=\"https:\/\/lestribulationsduneromanciere-fr.webnode.fr\/l\/le-bien-etre-dans-tous-ses-etats\/\"><img loading=\"lazy\" decoding=\"async\" width=\"768\" height=\"1024\" src=\"https:\/\/celiaibanez.fr\/wp-content\/uploads\/2023\/10\/sarbina-768x1024.jpg\" alt=\"\" class=\"wp-image-1204\" style=\"object-fit:cover;width:442px;height:589px\" srcset=\"https:\/\/celiaibanez.fr\/wp-content\/uploads\/2023\/10\/sarbina-768x1024.jpg 768w, https:\/\/celiaibanez.fr\/wp-content\/uploads\/2023\/10\/sarbina-225x300.jpg 225w, https:\/\/celiaibanez.fr\/wp-content\/uploads\/2023\/10\/sarbina-1152x1536.jpg 1152w, https:\/\/celiaibanez.fr\/wp-content\/uploads\/2023\/10\/sarbina-300x400.jpg 300w, https:\/\/celiaibanez.fr\/wp-content\/uploads\/2023\/10\/sarbina.jpg 1500w\" sizes=\"auto, (max-width: 768px) 100vw, 768px\" \/><\/a><\/figure>\n<\/div>\n\n\n<p class=\"has-medium-font-size\"><strong><mark style=\"background-color:rgba(0, 0, 0, 0);color:#fe15cb\" class=\"has-inline-color\">Salon du conte et du livre jeunesse \u00e0 Marignane, 2023<\/mark><\/strong><\/p>\n\n\n<div class=\"wp-block-image\">\n<figure class=\"aligncenter size-large is-resized\"><a href=\"https:\/\/lestribulationsduneromanciere-fr.webnode.fr\/l\/un-dimanche-a-marignane\/?fbclid=IwAR1dq8G2co1Pc-1LT2Hp_IS-nSjM1zFU8qI723L_SEiCVh5-Tb151ZU9RjM\"><img loading=\"lazy\" decoding=\"async\" width=\"768\" height=\"1024\" src=\"https:\/\/celiaibanez.fr\/wp-content\/uploads\/2023\/09\/marignane-3-768x1024.jpg\" alt=\"\" class=\"wp-image-1192\" style=\"width:442px;height:589px\" srcset=\"https:\/\/celiaibanez.fr\/wp-content\/uploads\/2023\/09\/marignane-3-768x1024.jpg 768w, https:\/\/celiaibanez.fr\/wp-content\/uploads\/2023\/09\/marignane-3-225x300.jpg 225w, https:\/\/celiaibanez.fr\/wp-content\/uploads\/2023\/09\/marignane-3-1152x1536.jpg 1152w, https:\/\/celiaibanez.fr\/wp-content\/uploads\/2023\/09\/marignane-3-300x400.jpg 300w, https:\/\/celiaibanez.fr\/wp-content\/uploads\/2023\/09\/marignane-3.jpg 1500w\" sizes=\"auto, (max-width: 768px) 100vw, 768px\" \/><\/a><\/figure>\n<\/div>\n\n\n<p class=\"has-medium-font-size\"><mark style=\"background-color:rgba(0, 0, 0, 0);color:#f704a1\" class=\"has-inline-color\"><strong>F\u00eate du livre, de l&rsquo;art et des jeux, La Fare les Oliviers, 2023 <\/strong><\/mark><\/p>\n\n\n<div class=\"wp-block-image\">\n<figure class=\"aligncenter size-large is-resized\"><a href=\"https:\/\/lestribulationsduneromanciere-fr.webnode.fr\/l\/la-fare-les-oliviers-le-petit-salon-dans-le-mauvais-temps\/\"><img loading=\"lazy\" decoding=\"async\" width=\"768\" height=\"1024\" src=\"https:\/\/celiaibanez.fr\/wp-content\/uploads\/2023\/06\/20-768x1024.jpg\" alt=\"\" class=\"wp-image-970\" style=\"width:447px;height:596px\" srcset=\"https:\/\/celiaibanez.fr\/wp-content\/uploads\/2023\/06\/20-768x1024.jpg 768w, https:\/\/celiaibanez.fr\/wp-content\/uploads\/2023\/06\/20-300x400.jpg 300w, https:\/\/celiaibanez.fr\/wp-content\/uploads\/2023\/06\/20-225x300.jpg 225w, https:\/\/celiaibanez.fr\/wp-content\/uploads\/2023\/06\/20-1152x1536.jpg 1152w, https:\/\/celiaibanez.fr\/wp-content\/uploads\/2023\/06\/20.jpg 1536w\" sizes=\"auto, (max-width: 768px) 100vw, 768px\" \/><\/a><\/figure>\n<\/div>\n\n\n<p class=\"has-medium-font-size\"><mark style=\"background-color:rgba(0, 0, 0, 0);color:#f704a1\" class=\"has-inline-color\"><strong> Festival Les Imaginales, \u00c9pinal, 2023  <\/strong><\/mark><\/p>\n\n\n<div class=\"wp-block-image\">\n<figure class=\"aligncenter size-large is-resized\"><a href=\"https:\/\/lestribulationsduneromanciere-fr.webnode.fr\/l\/les-imaginales-2023-4-jours-au-pays-de-la-fantasy\/\"><img loading=\"lazy\" decoding=\"async\" width=\"768\" height=\"1024\" src=\"https:\/\/celiaibanez.fr\/wp-content\/uploads\/2023\/05\/IMAGINALES-2023-768x1024.jpg\" alt=\"\" class=\"wp-image-966\" style=\"width:447px;height:596px\" srcset=\"https:\/\/celiaibanez.fr\/wp-content\/uploads\/2023\/05\/IMAGINALES-2023-768x1024.jpg 768w, https:\/\/celiaibanez.fr\/wp-content\/uploads\/2023\/05\/IMAGINALES-2023-300x400.jpg 300w, https:\/\/celiaibanez.fr\/wp-content\/uploads\/2023\/05\/IMAGINALES-2023-225x300.jpg 225w, https:\/\/celiaibanez.fr\/wp-content\/uploads\/2023\/05\/IMAGINALES-2023-1152x1536.jpg 1152w, https:\/\/celiaibanez.fr\/wp-content\/uploads\/2023\/05\/IMAGINALES-2023.jpg 1536w\" sizes=\"auto, (max-width: 768px) 100vw, 768px\" \/><\/a><\/figure>\n<\/div>\n\n\n<p class=\"has-medium-font-size\"><mark style=\"background-color:rgba(0, 0, 0, 0);color:#f704a1\" class=\"has-inline-color\"><strong>F\u00eate du livre du Var 2022<\/strong><\/mark><\/p>\n\n\n<div class=\"wp-block-image\">\n<figure class=\"aligncenter size-large is-resized\"><a href=\"https:\/\/lestribulationsduneromanciere-fr.webnode.fr\/l\/la-fete-du-livre-du-var-2022-un-week-end-de-star\/\"><img loading=\"lazy\" decoding=\"async\" width=\"765\" height=\"1024\" src=\"https:\/\/celiaibanez.fr\/wp-content\/uploads\/2022\/12\/Celia-Ibanez-Toulon-23-765x1024.jpg\" alt=\"\" class=\"wp-image-726\" style=\"width:310px;height:undefinedpx\" srcset=\"https:\/\/celiaibanez.fr\/wp-content\/uploads\/2022\/12\/Celia-Ibanez-Toulon-23-765x1024.jpg 765w, https:\/\/celiaibanez.fr\/wp-content\/uploads\/2022\/12\/Celia-Ibanez-Toulon-23-300x402.jpg 300w, https:\/\/celiaibanez.fr\/wp-content\/uploads\/2022\/12\/Celia-Ibanez-Toulon-23-224x300.jpg 224w, https:\/\/celiaibanez.fr\/wp-content\/uploads\/2022\/12\/Celia-Ibanez-Toulon-23-768x1028.jpg 768w, https:\/\/celiaibanez.fr\/wp-content\/uploads\/2022\/12\/Celia-Ibanez-Toulon-23-1148x1536.jpg 1148w, https:\/\/celiaibanez.fr\/wp-content\/uploads\/2022\/12\/Celia-Ibanez-Toulon-23.jpg 1530w\" sizes=\"auto, (max-width: 765px) 100vw, 765px\" \/><\/a><\/figure>\n<\/div>\n\n\n<p class=\"has-medium-font-size\"><mark style=\"background-color:rgba(0, 0, 0, 0);color:#f704a1\" class=\"has-inline-color\"><strong>Hero Festival Marseille 2022 <\/strong><\/mark><\/p>\n\n\n<div class=\"wp-block-image\">\n<figure class=\"aligncenter size-large is-resized\"><a href=\"https:\/\/lestribulationsduneromanciere-fr.webnode.fr\/l\/hero-festival-2022-la-foliiiiiiiie\/?_ga=2.119162313.1329350476.1668626798-696362498.1617109309\"><img loading=\"lazy\" decoding=\"async\" width=\"1024\" height=\"768\" src=\"https:\/\/celiaibanez.fr\/wp-content\/uploads\/2022\/11\/celia-ibanez-HERO-FESTIVAL-2-1024x768.jpg\" alt=\"\" class=\"wp-image-708\" style=\"width:310px;height:233px\" srcset=\"https:\/\/celiaibanez.fr\/wp-content\/uploads\/2022\/11\/celia-ibanez-HERO-FESTIVAL-2-1024x768.jpg 1024w, https:\/\/celiaibanez.fr\/wp-content\/uploads\/2022\/11\/celia-ibanez-HERO-FESTIVAL-2-300x225.jpg 300w, https:\/\/celiaibanez.fr\/wp-content\/uploads\/2022\/11\/celia-ibanez-HERO-FESTIVAL-2-768x576.jpg 768w, https:\/\/celiaibanez.fr\/wp-content\/uploads\/2022\/11\/celia-ibanez-HERO-FESTIVAL-2-1536x1152.jpg 1536w, https:\/\/celiaibanez.fr\/wp-content\/uploads\/2022\/11\/celia-ibanez-HERO-FESTIVAL-2.jpg 2048w\" sizes=\"auto, (max-width: 1024px) 100vw, 1024px\" \/><\/a><\/figure>\n<\/div>\n\n\n<p class=\"has-medium-font-size\"><mark style=\"background-color:rgba(0, 0, 0, 0);color:#f704a1\" class=\"has-inline-color\"><strong>Les \u00e9crivains en Provence 2022<\/strong><\/mark><\/p>\n\n\n<div class=\"wp-block-image\">\n<figure class=\"aligncenter size-large is-resized\"><a href=\"https:\/\/lestribulationsduneromanciere-fr.webnode.fr\/l\/les-ecrivains-en-provence-toutes-les-photos\/\"><img loading=\"lazy\" decoding=\"async\" width=\"1024\" height=\"768\" src=\"https:\/\/celiaibanez.fr\/wp-content\/uploads\/2022\/11\/Celia-Ibanez-Fuveau-15-1-1024x768.jpg\" alt=\"\" class=\"wp-image-707\" style=\"width:310px;height:233px\" srcset=\"https:\/\/celiaibanez.fr\/wp-content\/uploads\/2022\/11\/Celia-Ibanez-Fuveau-15-1-1024x768.jpg 1024w, https:\/\/celiaibanez.fr\/wp-content\/uploads\/2022\/11\/Celia-Ibanez-Fuveau-15-1-300x225.jpg 300w, https:\/\/celiaibanez.fr\/wp-content\/uploads\/2022\/11\/Celia-Ibanez-Fuveau-15-1-768x576.jpg 768w, https:\/\/celiaibanez.fr\/wp-content\/uploads\/2022\/11\/Celia-Ibanez-Fuveau-15-1-1536x1152.jpg 1536w, https:\/\/celiaibanez.fr\/wp-content\/uploads\/2022\/11\/Celia-Ibanez-Fuveau-15-1.jpg 2048w\" sizes=\"auto, (max-width: 1024px) 100vw, 1024px\" \/><\/a><\/figure>\n<\/div>\n\n\n<p class=\"has-medium-font-size\"><mark style=\"background-color:rgba(0, 0, 0, 0);color:#f704a1\" class=\"has-inline-color\"><strong>Vidau&rsquo;Bulles, Vidauban 2022<\/strong><\/mark><\/p>\n\n\n<div class=\"wp-block-image\">\n<figure class=\"aligncenter size-large is-resized\"><a href=\"https:\/\/lestribulationsduneromanciere-fr.webnode.fr\/l\/vidaubulles-pour-terminer-la-saison-en-beaute\/?_gl=1*vy9ze8*_gcl_aw*R0NMLjE2NDkzMjk1OTEuRUFJYUlRb2JDaE1JOV9yQ3dPZUI5d0lWVGdPTENoMG9Yd0hzRUFBWUFTQUFFZ0pmb2ZEX0J3RQ..&amp;_ga=2.227478555.746021906.1655558704-955447648.1591014937\"><img loading=\"lazy\" decoding=\"async\" width=\"768\" height=\"1024\" src=\"https:\/\/celiaibanez.fr\/wp-content\/uploads\/2022\/06\/Vidauban-festival-6-768x1024.jpg\" alt=\"\" class=\"wp-image-660\" style=\"width:310px;height:undefinedpx\" srcset=\"https:\/\/celiaibanez.fr\/wp-content\/uploads\/2022\/06\/Vidauban-festival-6-768x1024.jpg 768w, https:\/\/celiaibanez.fr\/wp-content\/uploads\/2022\/06\/Vidauban-festival-6-300x400.jpg 300w, https:\/\/celiaibanez.fr\/wp-content\/uploads\/2022\/06\/Vidauban-festival-6-225x300.jpg 225w, https:\/\/celiaibanez.fr\/wp-content\/uploads\/2022\/06\/Vidauban-festival-6-1152x1536.jpg 1152w, https:\/\/celiaibanez.fr\/wp-content\/uploads\/2022\/06\/Vidauban-festival-6.jpg 1536w\" sizes=\"auto, (max-width: 768px) 100vw, 768px\" \/><\/a><\/figure>\n<\/div>\n\n\n<p class=\"has-medium-font-size\"><mark style=\"background-color:rgba(0, 0, 0, 0);color:#f704a1\" class=\"has-inline-color\"><strong>F\u00eate du livre, des arts et des jeux, La Fare les Oliviers 2022<\/strong><\/mark><\/p>\n\n\n<div class=\"wp-block-image is-style-default\">\n<figure class=\"aligncenter size-full is-resized\"><a href=\"https:\/\/lestribulationsduneromanciere-fr.webnode.fr\/l\/la-fete-du-livre-des-arts-et-des-jeux-une-belle-journee-a-la-fare\/\"><img loading=\"lazy\" decoding=\"async\" width=\"960\" height=\"720\" src=\"https:\/\/celiaibanez.fr\/wp-content\/uploads\/2022\/05\/dedicace-la-fare.jpg\" alt=\"\" class=\"wp-image-602\" style=\"width:310px;height:233px\" srcset=\"https:\/\/celiaibanez.fr\/wp-content\/uploads\/2022\/05\/dedicace-la-fare.jpg 960w, https:\/\/celiaibanez.fr\/wp-content\/uploads\/2022\/05\/dedicace-la-fare-300x225.jpg 300w, https:\/\/celiaibanez.fr\/wp-content\/uploads\/2022\/05\/dedicace-la-fare-768x576.jpg 768w\" sizes=\"auto, (max-width: 960px) 100vw, 960px\" \/><\/a><\/figure>\n<\/div>\n\n\n<p class=\"has-medium-font-size\"><mark style=\"background-color:rgba(0, 0, 0, 0);color:#f704a1\" class=\"has-inline-color\"><strong>Festival Les Imaginales, \u00c9pinal 2022 <\/strong><\/mark><\/p>\n\n\n<div class=\"wp-block-image\">\n<figure class=\"aligncenter size-large is-resized\"><a href=\"https:\/\/lestribulationsduneromanciere-fr.webnode.fr\/l\/les-imaginales-2022-retour-en-images\/\"><img loading=\"lazy\" decoding=\"async\" width=\"768\" height=\"1024\" src=\"https:\/\/celiaibanez.fr\/wp-content\/uploads\/2022\/05\/epinal-768x1024.jpg\" alt=\"\" class=\"wp-image-603\" style=\"width:310px;height:398px\" srcset=\"https:\/\/celiaibanez.fr\/wp-content\/uploads\/2022\/05\/epinal-768x1024.jpg 768w, https:\/\/celiaibanez.fr\/wp-content\/uploads\/2022\/05\/epinal-300x400.jpg 300w, https:\/\/celiaibanez.fr\/wp-content\/uploads\/2022\/05\/epinal-225x300.jpg 225w, https:\/\/celiaibanez.fr\/wp-content\/uploads\/2022\/05\/epinal-1152x1536.jpg 1152w, https:\/\/celiaibanez.fr\/wp-content\/uploads\/2022\/05\/epinal.jpg 1500w\" sizes=\"auto, (max-width: 768px) 100vw, 768px\" \/><\/a><\/figure>\n<\/div>\n\n\n<p><\/p>\n\n\n\n<p class=\"has-medium-font-size\"><mark style=\"background-color:rgba(0, 0, 0, 0);color:#f704a1\" class=\"has-inline-color\"><strong>Festival Trolls et L\u00e9gendes, Mons 2022  <\/strong><\/mark><\/p>\n\n\n<div class=\"wp-block-image\">\n<figure class=\"aligncenter size-large is-resized\"><a href=\"https:\/\/lestribulationsduneromanciere-fr.webnode.fr\/l\/festival-trolls-et-legende-retour-en-images\/\"><img loading=\"lazy\" decoding=\"async\" width=\"765\" height=\"1024\" src=\"https:\/\/celiaibanez.fr\/wp-content\/uploads\/2022\/05\/C\u00e9lia-Ibanez-festival-Trolls-et-Legendes-27-765x1024.jpg\" alt=\"\" class=\"wp-image-402\" style=\"width:310px;height:undefinedpx\" srcset=\"https:\/\/celiaibanez.fr\/wp-content\/uploads\/2022\/05\/C\u00e9lia-Ibanez-festival-Trolls-et-Legendes-27-765x1024.jpg 765w, https:\/\/celiaibanez.fr\/wp-content\/uploads\/2022\/05\/C\u00e9lia-Ibanez-festival-Trolls-et-Legendes-27-300x402.jpg 300w, https:\/\/celiaibanez.fr\/wp-content\/uploads\/2022\/05\/C\u00e9lia-Ibanez-festival-Trolls-et-Legendes-27-224x300.jpg 224w, https:\/\/celiaibanez.fr\/wp-content\/uploads\/2022\/05\/C\u00e9lia-Ibanez-festival-Trolls-et-Legendes-27-768x1028.jpg 768w, https:\/\/celiaibanez.fr\/wp-content\/uploads\/2022\/05\/C\u00e9lia-Ibanez-festival-Trolls-et-Legendes-27.jpg 1530w\" sizes=\"auto, (max-width: 765px) 100vw, 765px\" \/><\/a><\/figure>\n<\/div>\n\n\n<h2 class=\"wp-block-heading\">LES ANCIENS FESTIVALS: TOUTES LES <a href=\"https:\/\/lestribulationsduneromanciere-fr.webnode.fr\/\">ARCHIVES SUR MON BLOG<\/a> ! <\/h2>\n","protected":false},"excerpt":{"rendered":"<p>D\u00c9DICACES ET RDV EN LIVE (D\u00e9roule la page pour voir les photos\/vid\u00e9os en festival\/ librairie !) Juin: Festival Vidau&rsquo;bulles 4 juillet: SouthconV \u00e0 Sausset-Les-Pins PRIX, SORTIES LITT\u00c9RAIRES, ACTU SP\u00c9CIALE J&rsquo;organise la convention r\u00e9gionale du grand Sud-Est ! Le Secret d&rsquo;Angie arrive au printemps et existera aussi en livre audio ! DERNIERS LIVES ! DANS LA &hellip; <a href=\"https:\/\/celiaibanez.fr\/index.php\/dedicaces-lives-avis-photos-festicals\/\" class=\"more-link\">Continuer la lecture de <span class=\"screen-reader-text\">D\u00c9DICACES, PROCHAINS LIVES, ACTU, AVIS DE BLOGUEURS ET PHOTOS DE FESTIVAL<\/span>  <span class=\"meta-nav\">&rarr;<\/span><\/a><\/p>\n","protected":false},"author":5,"featured_media":0,"parent":0,"menu_order":0,"comment_status":"closed","ping_status":"closed","template":"","meta":{"footnotes":""},"class_list":["post-569","page","type-page","status-publish","hentry"],"_links":{"self":[{"href":"https:\/\/celiaibanez.fr\/index.php\/wp-json\/wp\/v2\/pages\/569","targetHints":{"allow":["GET"]}}],"collection":[{"href":"https:\/\/celiaibanez.fr\/index.php\/wp-json\/wp\/v2\/pages"}],"about":[{"href":"https:\/\/celiaibanez.fr\/index.php\/wp-json\/wp\/v2\/types\/page"}],"author":[{"embeddable":true,"href":"https:\/\/celiaibanez.fr\/index.php\/wp-json\/wp\/v2\/users\/5"}],"replies":[{"embeddable":true,"href":"https:\/\/celiaibanez.fr\/index.php\/wp-json\/wp\/v2\/comments?post=569"}],"version-history":[{"count":336,"href":"https:\/\/celiaibanez.fr\/index.php\/wp-json\/wp\/v2\/pages\/569\/revisions"}],"predecessor-version":[{"id":2305,"href":"https:\/\/celiaibanez.fr\/index.php\/wp-json\/wp\/v2\/pages\/569\/revisions\/2305"}],"wp:attachment":[{"href":"https:\/\/celiaibanez.fr\/index.php\/wp-json\/wp\/v2\/media?parent=569"}],"curies":[{"name":"wp","href":"https:\/\/api.w.org\/{rel}","templated":true}]}}